{"id":26040,"date":"2024-03-08T15:10:16","date_gmt":"2024-03-08T12:10:16","guid":{"rendered":"https:\/\/tr.dasakademie.com\/?page_id=26040"},"modified":"2025-11-26T01:34:08","modified_gmt":"2025-11-25T22:34:08","slug":"aydinlatma-metinleri","status":"publish","type":"page","link":"https:\/\/tr.dasakademie.com\/tr\/aydinlatma-metinleri\/","title":{"rendered":"AYDINLATMA MET\u0130NLER\u0130"},"content":{"rendered":"\t\t<div data-elementor-type=\"wp-page\" data-elementor-id=\"26040\" class=\"elementor elementor-26040\" data-elementor-post-type=\"page\">\n\t\t\t\t\t\t<section data-particle_enable=\"false\" data-particle-mobile-disabled=\"false\" class=\"elementor-section elementor-top-section elementor-element elementor-element-a0349c6 elementor-section-full_width elementor-section-height-default elementor-section-height-default wpr-particle-no wpr-jarallax-no wpr-parallax-no wpr-sticky-section-no\" data-id=\"a0349c6\" data-element_type=\"section\" data-e-type=\"section\">\n\t\t\t\t\t\t<div class=\"elementor-container elementor-column-gap-no\">\n\t\t\t\t\t<div class=\"elementor-column elementor-col-100 elementor-top-column elementor-element elementor-element-b0f9045\" data-id=\"b0f9045\" data-element_type=\"column\" data-e-type=\"column\">\n\t\t\t<div class=\"elementor-widget-wrap elementor-element-populated\">\n\t\t\t\t\t\t<div class=\"elementor-element elementor-element-5803a1d elementor--h-position-center elementor--v-position-middle elementor-arrows-position-inside elementor-pagination-position-inside elementor-widget elementor-widget-slides\" data-id=\"5803a1d\" data-element_type=\"widget\" data-e-type=\"widget\" data-settings=\"{&quot;navigation&quot;:&quot;both&quot;,&quot;autoplay&quot;:&quot;yes&quot;,&quot;pause_on_hover&quot;:&quot;yes&quot;,&quot;pause_on_interaction&quot;:&quot;yes&quot;,&quot;autoplay_speed&quot;:5000,&quot;infinite&quot;:&quot;yes&quot;,&quot;transition&quot;:&quot;slide&quot;,&quot;transition_speed&quot;:500}\" data-widget_type=\"slides.default\">\n\t\t\t\t<div class=\"elementor-widget-container\">\n\t\t\t\t\t\t\t\t\t<div class=\"elementor-swiper\">\n\t\t\t\t\t<div class=\"elementor-slides-wrapper elementor-main-swiper swiper\" role=\"region\" aria-roledescription=\"carousel\" aria-label=\"Slides\" dir=\"ltr\" data-animation=\"fadeInUp\">\n\t\t\t\t<div class=\"swiper-wrapper elementor-slides\">\n\t\t\t\t\t\t\t\t\t\t<div class=\"elementor-repeater-item-e762509 swiper-slide\" role=\"group\" aria-roledescription=\"slide\"><div class=\"swiper-slide-bg\" role=\"img\" aria-label=\"das akademie legal\"><\/div><div class=\"swiper-slide-inner\" ><div class=\"swiper-slide-contents\"><h1 class=\"elementor-slide-heading\">AYDINLATMA METN\u0130<\/h1><\/div><\/div><\/div>\t\t\t\t<\/div>\n\t\t\t\t\t\t\t<\/div>\n\t\t\t\t<\/div>\n\t\t\t\t\t\t\t\t<\/div>\n\t\t\t\t<\/div>\n\t\t\t\t\t<\/div>\n\t\t<\/div>\n\t\t\t\t\t<\/div>\n\t\t<\/section>\n\t\t\t\t<section data-particle_enable=\"false\" data-particle-mobile-disabled=\"false\" class=\"elementor-section elementor-top-section elementor-element elementor-element-24b24cfb elementor-section-boxed elementor-section-height-default elementor-section-height-default wpr-particle-no wpr-jarallax-no wpr-parallax-no wpr-sticky-section-no\" data-id=\"24b24cfb\" data-element_type=\"section\" data-e-type=\"section\">\n\t\t\t\t\t\t<div class=\"elementor-container elementor-column-gap-default\">\n\t\t\t\t\t<div class=\"elementor-column elementor-col-100 elementor-top-column elementor-element elementor-element-aca0563\" data-id=\"aca0563\" data-element_type=\"column\" data-e-type=\"column\">\n\t\t\t<div class=\"elementor-widget-wrap elementor-element-populated\">\n\t\t\t\t\t\t<div class=\"elementor-element elementor-element-332f397 elementor-widget elementor-widget-text-editor\" data-id=\"332f397\" data-element_type=\"widget\" data-e-type=\"widget\" data-widget_type=\"text-editor.default\">\n\t\t\t\t<div class=\"elementor-widget-container\">\n\t\t\t\t\t\t\t\t\t<h2>\u00d6ZEL ALMAN D\u0130L H\u0130Z. E\u011eT. TER. T\u0130C. A.\u015e.<br \/>6698 SAYILI K\u0130\u015e\u0130SEL VER\u0130LER\u0130N KORUNMASI KANUNU KAPSAMINDA<br \/>DAS AKADEMIE \u0130NTERNET S\u0130TES\u0130 AYDINLATMA METN\u0130<\/h2><p>Son G\u00fcncelleme: 27.01.2023<br \/>\u00d6ZEL ALMAN D\u0130L H\u0130Z. E\u011eT. TER. T\u0130C. A.\u015e. (Bundan sonra &#8220;\u015eirket&#8221; olarak an\u0131lacakt\u0131r) olarak; ki\u015fisel verilerinizin gizlili\u011fi ve g\u00fcvenli\u011fi en \u00f6nemli \u00f6nceliklerimiz aras\u0131ndad\u0131r. Bu kapsamda 6698 say\u0131l\u0131 Ki\u015fisel Verilerin Korunmas\u0131 Kanunu\u2019nun (Bundan sonra &#8220;KVKK&#8221; olarak an\u0131lacakt\u0131r) 10. maddesinden do\u011fan ayd\u0131nlatma y\u00fck\u00fcml\u00fcl\u00fc\u011f\u00fcm\u00fcz\u00fc yerine getirmek amac\u0131yla taraf\u0131m\u0131zca i\u015flenmekte olan ki\u015fisel verilerinizin kullan\u0131m\u0131 ve korunmas\u0131 hakk\u0131nda sizleri bilgilendirmek isteriz.<\/p><p>1. Veri Sorumlusunun Kimli\u011fi:<br \/>\u0130nternet Sitesi Ayd\u0131nlatma Metni\u2019nde belirtilmi\u015f olan bilgiler ve i\u015fbu ki\u015fisel verilerin i\u015flenmesinde \u00d6ZEL ALMAN D\u0130L H\u0130Z. E\u011eT. TER. T\u0130C. A.\u015e. olarak 6698 say\u0131l\u0131 Ki\u015fisel Verilerin Korunmas\u0131 Kanunu ve ilgili sair mevzuat kapsam\u0131nda, veri sorumlusu s\u0131fat\u0131 ile i\u015fledi\u011fimizi taraf\u0131n\u0131za bildiriyoruz.<br \/>Veri Sorumlusu: \u00d6ZEL ALMAN D\u0130L H\u0130Z. E\u011eT. TER. T\u0130C. A.\u015e.<br \/>Veri Sorumlusunun Adresi: \u0130smet Kaptan Mah. 1371 Sokak No:5 \u0130\u00e7 Kap\u0131 No: Z2 Konak-\u0130zmir<br \/>\u0130leti\u015fim Kanal\u0131 kvkk@das-akademie.de<\/p><p>2. \u0130\u015flenen Ki\u015fisel Veriler:<br \/>\u0130nternet Sitesi Ayd\u0131nlatma Meni, https:\/\/www.das-akademie.com\/tr\/ adresinde yer alan\u00a0\u201c\u0130leti\u015fim\u201d b\u00f6l\u00fcmlerindeki formlar\u0131 dolduran ilgili ki\u015filerin ve ziyaret\u00e7ilerin ki\u015fisel verilerini konu edinmektedir. KVKK ve ilgili sair mevzuata uygun olarak i\u015fbu \u0130nternet Sitesi Ayd\u0131nlatma Metni\u2019nde belirtilen ama\u00e7lar ve hukuki sebepler kapsam\u0131nda i\u015flenecek ki\u015fisel veri kategori ve a\u00e7\u0131klamalar\u0131 a\u015fa\u011f\u0131daki gibidir:<\/p><p>Ki\u015fisel Veri Kategorisi Ki\u015fisel Veri<br \/>Kimlik Ad\u0131-soyad\u0131<br \/>\u0130leti\u015fim Telefon numaras\u0131, e-posta adresi<br \/>M\u00fc\u015fteri \u0130\u015flem S\u0131nav-dil seviyesi bilgileri<br \/>Mesleki Deneyim Okul bilgileri<br \/>\u0130\u015flem G\u00fcvenli\u011fi IP adresi bilgisi, \u00e7erez bilgileri<br \/>Di\u011fer Eklemek \u0130stedikleriniz, Mesaj (Bu b\u00f6l\u00fcmde ayr\u0131ca talebinizin detaylar\u0131n\u0131 bizimle payla\u015fabilmeniz amac\u0131yla bir alan olu\u015fturduk Burada da bizimle payla\u015fabilece\u011finiz ki\u015fisel verileriniz, iletiniz do\u011frultusunda i\u015flenebilecektir.)<br \/>\u0130nternet sitemizdeki di\u011fer ki\u015fisel veri i\u015fleme faaliyetleri i\u00e7in \u00c7erez Politikam\u0131z ve Gizlilik Politikam\u0131z, Ayd\u0131nlatma Metinlerimizde belirtilen usuller esas al\u0131nmaktad\u0131r.<\/p><p>3. Ki\u015fisel Verilerin \u0130\u015flenme Ama\u00e7lar\u0131 ve Hukuki Sebebi<br \/>\u0130\u015fleme Amac\u0131 Hukuki Sebep<br \/>\u2022 M\u00fc\u015fteri Memnuniyetine Y\u00f6nelik Aktivitelerin Y\u00fcr\u00fct\u00fclmesi<br \/>\u2022 M\u00fc\u015fteri \u0130li\u015fkileri Y\u00f6netimi S\u00fcre\u00e7lerinin Y\u00fcr\u00fct\u00fclmesi<br \/>\u2022 Mal \/ Hizmet Sat\u0131\u015f S\u00fcre\u00e7lerinin Y\u00fcr\u00fct\u00fclmesi<br \/>\u2022 \u0130leti\u015fim Faaliyetlerinin Y\u00fcr\u00fct\u00fclmesi<br \/>\u2022 S\u00f6zle\u015fme S\u00fcre\u00e7lerinin Y\u00fcr\u00fct\u00fclmesi<br \/>\u2022 \u00c7al\u0131\u015fan Adaylar\u0131n\u0131n Ba\u015fvuru S\u00fcre\u00e7lerinin Y\u00fcr\u00fct\u00fclmesi<br \/>KVKK m.5 (2) (c) : Bir s\u00f6zle\u015fmenin kurulmas\u0131 veya ifas\u0131yla do\u011frudan do\u011fruya ilgili olmas\u0131 kayd\u0131yla, s\u00f6zle\u015fmenin taraflar\u0131na ait ki\u015fisel verilerin i\u015flenmesinin gerekli olmas\u0131.<br \/>\u2022 Saklama ve Ar\u015fiv Faaliyetlerinin Y\u00fcr\u00fct\u00fclmesi<br \/>\u2022 Yetkili Ki\u015fi, Kurum ve Kurulu\u015flara Bilgi Verilmesi<br \/>KVKK m.5 (2) (\u00e7) : Veri sorumlusunun hukuki y\u00fck\u00fcml\u00fcl\u00fc\u011f\u00fcn\u00fc yerine getirebilmesi i\u00e7in zorunlu olmas\u0131.<br \/>\u2022 Hukuk \u0130\u015flerinin Takibi ve Y\u00fcr\u00fct\u00fclmesi<br \/>\u2022 Talep \/ \u015eikayetlerin Takibi KVKK m.5 (2) (e) : Bir hakk\u0131n tesisi, kullan\u0131lmas\u0131 veya korunmas\u0131 i\u00e7in veri i\u015flemenin zorunlu olmas\u0131.<\/p><p>4. \u0130\u015flenen Ki\u015fisel Verilerin Kimlere ve Hangi Ama\u00e7la Aktar\u0131labilece\u011fi Ki\u015fisel verileriniz, a\u015fa\u011f\u0131da belirtilen ama\u00e7lar ile KVKK\u2019n\u0131n 8 (2) (a) maddeleri uyar\u0131nca ilgili ki\u015finin a\u00e7\u0131k r\u0131zas\u0131 aranmaks\u0131z\u0131n aktar\u0131lacakt\u0131r:<br \/>\u2022 \u0130lgili mevzuat uyar\u0131nca yasal y\u00fck\u00fcml\u00fcl\u00fcklerin yerine getirebilmesi amac\u0131yla, gerekmesi veya talep gelmesi halinde, ilgili kamu kurum ve kurulu\u015flar\u0131 ile payla\u015f\u0131labilecektir.<br \/>\u2022 Hukuki s\u00fcre\u00e7 olmas\u0131 halinde s\u00fcrecin takip edilebilmesi amac\u0131yla avukatlar\u0131m\u0131z ile s\u0131r saklama y\u00fck\u00fcml\u00fcl\u00fc\u011f\u00fc \u00e7er\u00e7evesinde gerekti\u011fi kadar payla\u015f\u0131labilecektir.<\/p><p>5. Ki\u015fisel Veri Toplaman\u0131n Y\u00f6ntemi ve Hukuki Sebebi<br \/>Ki\u015fisel verileriniz, bu metnin \u00fc\u00e7\u00fcnc\u00fc f\u0131kras\u0131nda belirtilen ama\u00e7lar\u0131n yerine getirilebilmesi i\u00e7in KVKK\u2019n\u0131n 5 (2) maddesinde belirtilen hukuki sebeplere dayanarak, otomatik veya otomatik olmayan y\u00f6ntemlerle s\u00f6zl\u00fc, yaz\u0131l\u0131 veya elektronik ortamda elde edilmektedir:<br \/>\u2022 \u0130nternet sitesi \u00fczerinden form doldurulmas\u0131, internet sitesinin ziyaret edilmesi<\/p><p>6. KVKK\u2019n\u0131n 11. Maddesi Kapsam\u0131ndaki Haklar\u0131n\u0131z<br \/>KVKK\u2019n\u0131n 11. maddesi kapsam\u0131nda, veri sahibi olarak haklar\u0131n\u0131z bulunmakta olup bu haklar\u0131n\u0131z ile ilgili taleplerinizi tercihen web sitemizde yer alan \u0130lgili Ki\u015fi Ba\u015fvuru Formu\u2019nda belirtilen b\u00fct\u00fcn bilgileri doldurmak suretiyle KVKK\u2019n\u0131n 11. maddesi ile 13. maddesinin 1. f\u0131kras\u0131 ve Veri Sorumlusuna Ba\u015fvuru Usul ve Esaslar\u0131 Hakk\u0131nda Tebli\u011f gere\u011fince,<br \/>\u2022 \u201c\u0130smet Kaptan Mah. 1371 Sokak No:5 \u0130\u00e7 Kap\u0131 No: Z2 Konak-\u0130zmir\u201d adresindeki<br \/>\u015eirketimize bizzat gelerek,<br \/>\u2022 ozelalmandilhizmetleri@hs01.kep.tr \u015feklindeki kay\u0131tl\u0131 elektronik posta (KEP)<br \/>adresimiz \u00fczerinden,<br \/>\u2022 kimli\u011finizi tespit edebilmek ve yanl\u0131\u015f ki\u015filere bilgi vermemek ad\u0131na yaz\u0131l\u0131 olarak noter<br \/>arac\u0131l\u0131\u011f\u0131 ile veya iadeli taahh\u00fctl\u00fc mektup ile,<br \/>\u2022 (varsa) taraf\u0131n\u0131zca daha \u00f6nce \u015eirketimize bildirilen ve sistemlerimizde kay\u0131tl\u0131 bulunan<br \/>elektronik posta adresini kullanmak suretiyle kvkk@das-akademie.de adresine<br \/>elektronik posta g\u00f6ndererek<br \/>veya gelecekte Kurul\u2019un belirleyece\u011fi di\u011fer y\u00f6ntemlerle iletebilirsiniz.<\/p><h2>\u00d6ZEL ALMAN D\u0130L H\u0130Z. E\u011eT. TER. T\u0130C. A.\u015e.<br \/>6698 SAYILI K\u0130\u015e\u0130SEL VER\u0130LER\u0130N KORUNMASI KANUNU KAPSAMINDA<br \/>DAS AKADEMIE \u00c7ALI\u015eAN ADAYI AYDINLATMA METN\u0130<\/h2><p>Son G\u00fcncelleme: 27.01.2023<br \/>\u00d6ZEL ALMAN D\u0130L H\u0130Z. E\u011eT. TER. T\u0130C. A.\u015e. (Bundan sonra &#8220;\u015eirket&#8221; olarak an\u0131lacakt\u0131r) olarak; ki\u015fisel verilerinizin gizlili\u011fi ve g\u00fcvenli\u011fi en \u00f6nemli \u00f6nceliklerimiz aras\u0131ndad\u0131r. Bu kapsamda 6698 say\u0131l\u0131 Ki\u015fisel Verilerin Korunmas\u0131 Kanunu\u2019nun (Bundan sonra &#8220;KVKK&#8221; olarak an\u0131lacakt\u0131r) 10. maddesinden do\u011fan ayd\u0131nlatma y\u00fck\u00fcml\u00fcl\u00fc\u011f\u00fcm\u00fcz\u00fc yerine getirmek amac\u0131yla taraf\u0131m\u0131zca i\u015flenmekte olan ki\u015fisel verilerinizin kullan\u0131m\u0131 ve korunmas\u0131 hakk\u0131nda sizleri bilgilendirmek isteriz.<\/p><p>1. Veri Sorumlusunun Kimli\u011fi<br \/>\u00c7al\u0131\u015fan Aday\u0131 Ayd\u0131nlatma Metni\u2019nde belirtilmi\u015f olan bilgiler ve i\u015fbu ki\u015fisel verilerin i\u015flenmesinde \u00d6ZEL ALMAN D\u0130L H\u0130Z. E\u011eT. TER. T\u0130C. A.\u015e. olarak 6698 say\u0131l\u0131 Ki\u015fisel Verilerin Korunmas\u0131 Kanunu ve ilgili sair mevzuat kapsam\u0131nda, veri sorumlusu s\u0131fat\u0131 ile i\u015fledi\u011fimizi taraf\u0131n\u0131za bildiriyoruz.<br \/>Veri Sorumlusu: \u00d6ZEL ALMAN D\u0130L H\u0130Z. E\u011eT. TER. T\u0130C. A.\u015e.<br \/>Veri Sorumlusunun Adresi: \u0130smet Kaptan Mah. 1371 Sokak No:5 \u0130\u00e7 Kap\u0131 No: Z2 Konak-\u0130zmir<br \/>\u0130leti\u015fim Kanal\u0131 kvkk@das-akademie.de<\/p><p>2. \u0130\u015flenen Ki\u015fisel Veriler<br \/>\u00c7al\u0131\u015fan Aday\u0131 Ayd\u0131nlatma Meni, https:\/\/www.das-akademie.com\/tr\/ adresinde yer alan \u201cKariyer\u201d b\u00f6l\u00fcm\u00fcndeki formu dolduran, sair kariyer siteleri, e-mail, referans arac\u0131l\u0131\u011f\u0131yla ba\u015fvuru yapan ilgili ki\u015filerin ki\u015fisel verilerini konu edinmektedir. KVKK ve ilgili sair mevzuata uygun olarak i\u015fbu \u00c7al\u0131\u015fan Aday\u0131 Ayd\u0131nlatma Metni\u2019nde belirtilen ama\u00e7lar ve hukuki sebepler kapsam\u0131nda i\u015flenecek ki\u015fisel veri kategori ve a\u00e7\u0131klamalar\u0131 a\u015fa\u011f\u0131daki gibidir:<br \/>Ki\u015fisel Veri Kategorisi Ki\u015fisel Veri<br \/>Kimlik Ad\u0131-soyad\u0131, cinsiyet, do\u011fum tarihi<br \/>\u0130leti\u015fim Telefon numaras\u0131, e-posta adresi, adres<br \/>Mesleki Deneyim E\u011fitim bilgileri, sertifikalar ve belgeler, dil seviyesi, bilgi-beceri ve hobiler, meslek, i\u015f deneyimi<br \/>Di\u011fer Eklemek \u0130stedikleriniz ve Referans Bilgileri (Bu b\u00f6l\u00fcmde ayr\u0131ca ba\u015fvurunuzun detaylar\u0131n\u0131 bizimle payla\u015fabilmeniz amac\u0131yla bir alan olu\u015fturduk Burada da bizimle payla\u015fabilece\u011finiz ki\u015fisel veriler, iletiniz do\u011frultusunda i\u015flenebilecektir.)<br \/>\u0130nternet sitemizdeki di\u011fer ki\u015fisel veri i\u015fleme faaliyetleri i\u00e7in \u00c7erez Politikam\u0131z ve Gizlilik Politikam\u0131z, Ayd\u0131nlatma Metinlerimizde belirtilen usuller esas al\u0131nmaktad\u0131r.<\/p><p>3. Ki\u015fisel Verilerin \u0130\u015flenme Ama\u00e7lar\u0131 ve Hukuki Sebebi<br \/>\u0130\u015fleme Amac\u0131 Hukuki Sebep<br \/>\u2022 \u00c7al\u0131\u015fan Adaylar\u0131n\u0131n Ba\u015fvuru S\u00fcre\u00e7lerinin Y\u00fcr\u00fct\u00fclmesi,<br \/>\u2022 \u00c7al\u0131\u015fan Aday\u0131 \/ Stajyer aday\u0131 Se\u00e7me ve Yerle\u015ftirme S\u00fcre\u00e7lerinin Y\u00fcr\u00fct\u00fclmesi,<br \/>\u2022 \u0130nsan Kaynaklar\u0131 S\u00fcre\u00e7lerinin Planlanmas\u0131,<br \/>\u2022 \u0130leti\u015fim Faaliyetlerinin Y\u00fcr\u00fct\u00fclmesi<br \/>\u2022 S\u00f6zle\u015fme S\u00fcre\u00e7lerinin Y\u00fcr\u00fct\u00fclmesi<br \/>KVKK m.5 (2) (c) : Bir s\u00f6zle\u015fmenin kurulmas\u0131 veya ifas\u0131yla do\u011frudan do\u011fruya ilgili olmas\u0131 kayd\u0131yla, s\u00f6zle\u015fmenin taraflar\u0131na ait ki\u015fisel verilerin i\u015flenmesinin gerekli olmas\u0131.<\/p><p>4. Ki\u015fisel Verilerin Toplama Y\u00f6ntemi<br \/>Ki\u015fisel verileriniz, bu metnin 3. f\u0131kras\u0131nda belirtilen ama\u00e7lar\u0131n yerine getirilebilmesi i\u00e7in KVKK\u2019n\u0131n 5 (2) maddelerindeki hukuki sebeplere dayanarak, a\u015fa\u011f\u0131da belirtilen otomatik veya<br \/>otomatik olmayan y\u00f6ntemlerle s\u00f6zl\u00fc, yaz\u0131l\u0131 veya elektronik ortamlarda elde edilir:<br \/>\u2022 \u0130\u015f ba\u015fvuru formunun doldurulmas\u0131 yahut i\u015f g\u00f6r\u00fc\u015fmesi s\u0131ras\u0131nda bilgi verilmesi,<br \/>\u2022 \u00c7al\u0131\u015fan aday\u0131 taraf\u0131ndan \u00f6zge\u00e7mi\u015fin iletilmesi,<br \/>\u2022 Referans g\u00f6sterilen ki\u015fi taraf\u0131ndan bilgi iletilmesi,<br \/>\u2022 Kariyer siteleri,<br \/>\u2022 Web sitesi kariyer sekmesi i\u00e7eri\u011findeki ba\u015fvuru formlar\u0131n\u0131n doldurulmas\u0131 arac\u0131l\u0131\u011f\u0131yla.<\/p><p>5. \u0130\u015flenen Ki\u015fisel Verilerin Kimlere ve Hangi Ama\u00e7la Aktar\u0131labilece\u011fi<br \/>Ki\u015fisel verileriniz, a\u015fa\u011f\u0131da belirtilen ama\u00e7lar ile KVKK\u2019n\u0131n 8 (2) (a) maddeleri uyar\u0131nca ilgili ki\u015finin a\u00e7\u0131k r\u0131zas\u0131 aranmaks\u0131z\u0131n aktar\u0131lacakt\u0131r:<br \/>\u2022 Uygun pozisyonlarda de\u011ferlendirilebilmesi amac\u0131yla Das Akademie ba\u011flant\u0131l\u0131 firmalar ile payla\u015f\u0131labilecektir.<br \/>\u2022 Hukuki bir s\u00fcre\u00e7 olmas\u0131 halinde s\u00fcrecin takip edilebilmesi amac\u0131yla avukatlar\u0131m\u0131z ile s\u0131r saklama y\u00fck\u00fcml\u00fcl\u00fc\u011f\u00fc \u00e7er\u00e7evesinde gerekti\u011fi kadar payla\u015f\u0131labilecektir.<\/p><p>6. KVKK\u2019n\u0131n 11. Maddesi Kapsam\u0131ndaki Haklar\u0131n\u0131z<br \/>KVKK\u2019n\u0131n 11. maddesi kapsam\u0131nda, veri sahibi olarak haklar\u0131n\u0131z bulunmakta olup bu haklar\u0131n\u0131z ile ilgili taleplerinizi tercihen web sitemizde yer alan \u0130lgili Ki\u015fi Ba\u015fvuru Formu\u2019nda belirtilen b\u00fct\u00fcn bilgileri doldurmak suretiyle KVKK\u2019n\u0131n 11. maddesi ile 13. maddesinin 1. f\u0131kras\u0131 ve Veri Sorumlusuna Ba\u015fvuru Usul ve Esaslar\u0131 Hakk\u0131nda Tebli\u011f gere\u011fince,<br \/>\u2022 \u201c\u0130smet Kaptan Mah. 1371 Sokak No:5 \u0130\u00e7 Kap\u0131 No: Z2 Konak-\u0130zmir\u201d adresindeki \u015eirketimize bizzat gelerek,<br \/>\u2022 ozelalmandilhizmetleri@hs01.kep.tr \u015feklindeki kay\u0131tl\u0131 elektronik posta (KEP) adresimiz \u00fczerinden,<br \/>\u2022 kimli\u011finizi tespit edebilmek ve yanl\u0131\u015f ki\u015filere bilgi vermemek ad\u0131na yaz\u0131l\u0131 olarak noter arac\u0131l\u0131\u011f\u0131 ile veya iadeli taahh\u00fctl\u00fc mektup ile,<br \/>\u2022 (varsa) taraf\u0131n\u0131zca daha \u00f6nce \u015eirketimize bildirilen ve sistemlerimizde kay\u0131tl\u0131 bulunan elektronik posta adresini kullanmak suretiyle kvkk@das-akademie.de adresine elektronik posta g\u00f6ndererek veya gelecekte Kurul\u2019un belirleyece\u011fi di\u011fer y\u00f6ntemlerle iletebilirsiniz.<\/p><h2>\u00d6ZEL ALMAN D\u0130L H\u0130Z. E\u011eT. TER. T\u0130C. A.\u015e.<br \/>6698 SAYILI K\u0130\u015e\u0130SEL VER\u0130LER\u0130N KORUNMASI KANUNU KAPSAMINDA<br \/>DAS AKADEMIE DA\u00d6KM ADAYI-KURS\u0130YER\u0130 AYDINLATMA METN\u0130<\/h2><p>Son G\u00fcncelleme: 27.01.2023<br \/>\u00d6ZEL ALMAN D\u0130L H\u0130Z. E\u011eT. TER. T\u0130C. A.\u015e. (Bundan sonra &#8220;\u015eirket&#8221; olarak an\u0131lacakt\u0131r) olarak; ki\u015fisel verilerinizin gizlili\u011fi ve g\u00fcvenli\u011fi en \u00f6nemli \u00f6nceliklerimiz aras\u0131ndad\u0131r. Bu kapsamda 6698 say\u0131l\u0131 Ki\u015fisel Verilerin Korunmas\u0131 Kanunu\u2019nun (Bundan sonra &#8220;KVKK&#8221; olarak an\u0131lacakt\u0131r) 10. maddesinden do\u011fan ayd\u0131nlatma y\u00fck\u00fcml\u00fcl\u00fc\u011f\u00fcm\u00fcz\u00fc yerine getirmek amac\u0131yla taraf\u0131m\u0131zca i\u015flenmekte olan ki\u015fisel verilerinizin kullan\u0131m\u0131 ve korunmas\u0131 hakk\u0131nda sizleri bilgilendirmek isteriz.<\/p><p>1. Veri Sorumlusunun Kimli\u011fi<br \/>DA\u00d6KM Aday\u0131-Kursiyeri Ayd\u0131nlatma Metni\u2019nde belirtilmi\u015f olan bilgiler ve i\u015fbu ki\u015fisel verilerin i\u015flenmesinde \u00d6ZEL ALMAN D\u0130L H\u0130Z. E\u011eT. TER. T\u0130C. A.\u015e. olarak 6698 say\u0131l\u0131 Ki\u015fisel Verilerin Korunmas\u0131 Kanunu ve ilgili sair mevzuat kapsam\u0131nda, veri sorumlusu s\u0131fat\u0131 ile i\u015fledi\u011fimizi taraf\u0131n\u0131za bildiriyoruz.<br \/>Veri Sorumlusu: \u00d6ZEL ALMAN D\u0130L H\u0130Z. E\u011eT. TER. T\u0130C. A.\u015e.<br \/>Veri Sorumlusunun Adresi: \u0130smet Kaptan Mah. 1371 Sokak No:5 \u0130\u00e7 Kap\u0131 No: Z2 Konak-\u0130zmir<br \/>\u0130leti\u015fim Kanal\u0131: kvkk@das-akademie.de<\/p><p>2. \u0130\u015flenen Ki\u015fisel Veriler<br \/>DA\u00d6KM Aday\u0131- Kursiyeri Ayd\u0131nlatma Meni, https:\/\/www.das-akademie.com\/tr\/ adresinde yer alan \u201cDA\u00d6KM\u201d b\u00f6l\u00fcm\u00fcndeki formu dolduran ilgili ki\u015filerin ki\u015fisel verilerini konu<br \/>edinmektedir.<br \/>KVKK ve ilgili sair mevzuata uygun olarak i\u015fbu DA\u00d6KM Aday\u0131- Kursiyeri Ayd\u0131nlatma Metni\u2019nde belirtilen ama\u00e7lar ve hukuki sebepler kapsam\u0131nda i\u015flenecek ki\u015fisel veri kategori ve a\u00e7\u0131klamalar\u0131 a\u015fa\u011f\u0131daki gibidir:<br \/>Ki\u015fisel Veri Kategorisi Ki\u015fisel Veri<br \/>Kimlik Ad\u0131-soyad\u0131, cinsiyet, do\u011fum tarihi<br \/>\u0130leti\u015fim Telefon numaras\u0131, e-posta adresi, adres<br \/>Mesleki Deneyim E\u011fitim bilgileri, dil seviyesi, i\u015f deneyimi, diploma (kay\u0131t olman\u0131z halinde talep edilecektir.)<br \/>M\u00fc\u015fteri \u0130\u015flem Hizmet-sipari\u015f bilgileri (kay\u0131t olman\u0131z halinde talep edilecektir.)<br \/>Di\u011fer Eklemek \u0130stedikleriniz (Bu b\u00f6l\u00fcmde ayr\u0131ca ba\u015fvurunuzun detaylar\u0131n\u0131 bizimle payla\u015fabilmeniz amac\u0131yla bir alan olu\u015fturduk Burada da bizimle payla\u015fabilece\u011finiz ki\u015fisel veriler, iletiniz do\u011frultusunda i\u015flenebilecektir.)<br \/>\u0130nternet sitemizdeki di\u011fer ki\u015fisel veri i\u015fleme faaliyetleri i\u00e7in \u00c7erez Politikam\u0131z ve Gizlilik Politikam\u0131z, Ayd\u0131nlatma Metinlerimizde belirtilen usuller esas al\u0131nmaktad\u0131r.<\/p><p>3. Ki\u015fisel Verilerin \u0130\u015flenme Ama\u00e7lar\u0131 ve Hukuki Sebebi<br \/>\u0130\u015fleme Amac\u0131 Hukuki Sebep<br \/>\u2022 E\u011fitim Faaliyetlerinin Y\u00fcr\u00fct\u00fclmesi<br \/>\u2022 \u0130leti\u015fim Faaliyetlerinin Y\u00fcr\u00fct\u00fclmesi<br \/>\u2022 S\u00f6zle\u015fme S\u00fcre\u00e7lerinin Y\u00fcr\u00fct\u00fclmesi<br \/>\u2022 Mal \/ Hizmet Sat\u0131\u015f S\u00fcre\u00e7lerinin Y\u00fcr\u00fct\u00fclmesi<br \/>\u2022 Finans ve Muhasebe \u0130\u015flerinin Y\u00fcr\u00fct\u00fclmesi<br \/>\u2022 M\u00fc\u015fteri \u0130li\u015fkileri Y\u00f6netimi S\u00fcre\u00e7lerinin Y\u00fcr\u00fct\u00fclmesi<br \/>KVKK m.5 (2) (c) : Bir s\u00f6zle\u015fmenin kurulmas\u0131 veya ifas\u0131yla do\u011frudan do\u011fruya ilgili olmas\u0131 kayd\u0131yla, s\u00f6zle\u015fmenin taraflar\u0131na ait ki\u015fisel verilerin i\u015flenmesinin gerekli olmas\u0131.<\/p><p>4. Ki\u015fisel Verilerin Toplama Y\u00f6ntemi<br \/>Ki\u015fisel verileriniz, bu metnin 3. f\u0131kras\u0131nda belirtilen ama\u00e7lar\u0131n yerine getirilebilmesi i\u00e7in KVKK\u2019n\u0131n 5 (2) maddelerindeki hukuki sebeplere dayanarak, a\u015fa\u011f\u0131da belirtilen otomatik veya otomatik olmayan y\u00f6ntemlerle s\u00f6zl\u00fc, yaz\u0131l\u0131 veya elektronik ortamlarda elde edilir:<br \/>\u2022 Web sitesindeki formunun doldurularak ba\u015fvuru yap\u0131lmas\u0131,<br \/>\u2022 G\u00f6r\u00fc\u015fmeler s\u0131ras\u0131nda bilgi verilmesi<\/p><p>5. \u0130\u015flenen Ki\u015fisel Verilerin Kimlere ve Hangi Ama\u00e7la Aktar\u0131labilece\u011fi<br \/>Ki\u015fisel verileriniz, a\u015fa\u011f\u0131da belirtilen ama\u00e7lar ile KVKK\u2019n\u0131n 8 (2) (a) maddeleri uyar\u0131nca ilgili ki\u015finin a\u00e7\u0131k r\u0131zas\u0131 aranmaks\u0131z\u0131n aktar\u0131lacakt\u0131r:<br \/>\u2022 Uygun pozisyonlarda de\u011ferlendirilebilmesi amac\u0131yla DAS Akademie ba\u011flant\u0131l\u0131 firmalar ile payla\u015f\u0131labilecektir.<br \/>\u2022 Hukuki bir s\u00fcre\u00e7 olmas\u0131 halinde s\u00fcrecin takip edilebilmesi amac\u0131yla avukatlar\u0131m\u0131z ile s\u0131r saklama y\u00fck\u00fcml\u00fcl\u00fc\u011f\u00fc \u00e7er\u00e7evesinde gerekti\u011fi kadar payla\u015f\u0131labilecektir.<br \/>\u2022 Kay\u0131t olman\u0131z halinde \u00fcr\u00fcn ve hizmetlere dair \u00fccretlerin tahsilat\u0131 kapsam\u0131nda finans ve\/veya muhasebe i\u015flerinin y\u00fcr\u00fct\u00fclmesi amac\u0131yla, gerekmesi halinde noter, icra daireleri ve\/veya mahkemeler ile payla\u015f\u0131labilecektir.<\/p><p>6. Yurtd\u0131\u015f\u0131na Aktar\u0131m<br \/>\u0130\u015f faaliyetlerimizin y\u00fcr\u00fct\u00fclmesi kapsam\u0131nda bilgi ve ileti\u015fim teknolojileri uygulamalar\u0131 ve yaz\u0131l\u0131mlar\u0131 (\u201cBT Sistemleri\u201d) kullan\u0131lmaktad\u0131r. Sunulan bu hizmetlerin alt yap\u0131s\u0131 ve veri tabanlar\u0131 yurt d\u0131\u015f\u0131nda bulunmaktad\u0131r. Bu kapsamda ki\u015fisel verileriniz, ileti\u015fim faaliyetlerinin y\u00fcr\u00fct\u00fclebilmesi ve saklama ve ar\u015fiv faaliyetlerinin y\u00fcr\u00fct\u00fclebilmesi ama\u00e7lar\u0131yla kullan\u0131lan BT Sistemleri\u2019nin alt yap\u0131s\u0131 ve veri tabanlar\u0131n\u0131n yurt d\u0131\u015f\u0131nda bulunmas\u0131 nedeniyle \u201ca\u00e7\u0131k r\u0131zan\u0131za istinaden\u201d yurt d\u0131\u015f\u0131na aktar\u0131lacakt\u0131r.<\/p><p>7. KVKK\u2019n\u0131n 11. Maddesi Kapsam\u0131ndaki Haklar\u0131n\u0131z<br \/>KVKK\u2019n\u0131n 11. maddesi kapsam\u0131nda, veri sahibi olarak haklar\u0131n\u0131z bulunmakta olup bu haklar\u0131n\u0131z ile ilgili taleplerinizi tercihen web sitemizde yer alan \u0130lgili Ki\u015fi Ba\u015fvuru Formu\u2019nda belirtilen b\u00fct\u00fcn bilgileri doldurmak suretiyle KVKK\u2019n\u0131n 11. maddesi ile 13. maddesinin 1. f\u0131kras\u0131 ve Veri Sorumlusuna Ba\u015fvuru Usul ve Esaslar\u0131 Hakk\u0131nda Tebli\u011f gere\u011fince,<br \/>\u2022 \u201c\u0130smet Kaptan Mah. 1371 Sokak No:5 \u0130\u00e7 Kap\u0131 No: Z2 Konak-\u0130zmir\u201d adresindeki \u015eirketimize bizzat gelerek,<br \/>\u2022 ozelalmandilhizmetleri@hs01.kep.tr \u015feklindeki kay\u0131tl\u0131 elektronik posta (KEP) adresimiz \u00fczerinden,<br \/>\u2022 kimli\u011finizi tespit edebilmek ve yanl\u0131\u015f ki\u015filere bilgi vermemek ad\u0131na yaz\u0131l\u0131 olarak noter arac\u0131l\u0131\u011f\u0131 ile veya iadeli taahh\u00fctl\u00fc mektup ile,<br \/>\u2022 (varsa) taraf\u0131n\u0131zca daha \u00f6nce \u015eirketimize bildirilen ve sistemlerimizde kay\u0131tl\u0131 bulunan elektronik posta adresini kullanmak suretiyle kvkk@das-akademie.de adresine elektronik posta g\u00f6ndererek veya gelecekte Kurul\u2019un belirleyece\u011fi di\u011fer y\u00f6ntemlerle iletebilirsiniz.<\/p><h2><strong>\u00d6ZEL ALMAN D\u0130L H\u0130Z. E\u011eT. TER. T\u0130C. A.\u015e. <\/strong><strong>6698 SAYILI K\u0130\u015e\u0130SEL VER\u0130LER\u0130N KORUNMASI KANUNU KAPSAMINDA <\/strong><strong>DAS AKADEMIE YURTDI\u015eI E\u011e\u0130T\u0130M H\u0130ZMET\u0130 AYDINLATMA METN\u0130<\/strong><\/h2><p>\u00d6ZEL ALMAN D\u0130L H\u0130Z. E\u011eT. TER. T\u0130C. A.\u015e. (Bundan sonra &#8220;<strong>\u015eirket<\/strong>&#8221; olarak an\u0131lacakt\u0131r) olarak; ki\u015fisel verilerinizin gizlili\u011fi ve g\u00fcvenli\u011fi en \u00f6nemli \u00f6nceliklerimiz aras\u0131ndad\u0131r. Bu kapsamda 6698 say\u0131l\u0131 Ki\u015fisel Verilerin Korunmas\u0131 Kanunu\u2019nun (Bundan sonra &#8220;<strong>KVKK<\/strong>&#8221; olarak an\u0131lacakt\u0131r) 10. maddesinden do\u011fan ayd\u0131nlatma y\u00fck\u00fcml\u00fcl\u00fc\u011f\u00fcm\u00fcz\u00fc yerine getirmek amac\u0131yla taraf\u0131m\u0131zca i\u015flenmekte olan ki\u015fisel verilerinizin kullan\u0131m\u0131 ve korunmas\u0131 hakk\u0131nda sizleri bilgilendirmek isteriz.<\/p><ol><li><strong>Veri Sorumlusunun Kimli\u011fi:<\/strong><\/li><\/ol><p>Yurtd\u0131\u015f\u0131 E\u011fitim Hizmeti Ayd\u0131nlatma Metni\u2019nde belirtilmi\u015f olan bilgiler ve i\u015fbu ki\u015fisel verilerin i\u015flenmesinde \u00d6ZEL ALMAN D\u0130L H\u0130Z. E\u011eT. TER. T\u0130C. A.\u015e. olarak 6698 say\u0131l\u0131 Ki\u015fisel Verilerin Korunmas\u0131 Kanunu ve ilgili sair mevzuat kapsam\u0131nda, veri sorumlusu s\u0131fat\u0131 ile i\u015fledi\u011fimizi taraf\u0131n\u0131za bildiriyoruz.<\/p><table><tbody><tr><td width=\"162\"><p><strong>Veri Sorumlusu<\/strong><\/p><\/td><td width=\"439\"><p>\u00d6ZEL ALMAN D\u0130L H\u0130Z. E\u011eT. TER. T\u0130C. A.\u015e.<\/p><\/td><\/tr><tr><td width=\"162\"><p><strong>Veri Sorumlusunun Adresi<\/strong><\/p><\/td><td width=\"439\"><p>\u0130smet Kaptan Mah. 1371 Sok. No.5 \u0130\u00e7 Kap\u0131 No: Z2 Konak\/\u0130zmir<\/p><\/td><\/tr><tr><td width=\"162\"><p><strong>\u0130leti\u015fim Kanal\u0131<\/strong><\/p><\/td><td width=\"439\"><p>kvkk@das-akademie.de<\/p><\/td><\/tr><\/tbody><\/table><ol start=\"2\"><li><strong>\u0130\u015flenen Ki\u015fisel Verileriniz<\/strong><\/li><\/ol><table><tbody><tr><td width=\"302\"><p><strong>Ki\u015fisel Veri Kategorisi<\/strong><\/p><\/td><td width=\"302\"><p><strong>Ki\u015fisel Veri<\/strong><\/p><\/td><\/tr><tr><td width=\"302\"><p>Kimlik<\/p><\/td><td width=\"302\"><p>Ad\u0131-soyad\u0131, do\u011fum tarihi,<\/p><\/td><\/tr><tr><td width=\"302\"><p>\u0130leti\u015fim<\/p><\/td><td width=\"302\"><p>E-posta, cep telefon numaras\u0131,<\/p><\/td><\/tr><tr><td width=\"302\"><p>Di\u011fer<\/p><\/td><td width=\"302\"><p>Tercih edilen yurtd\u0131\u015f\u0131 program\u0131 bilgisi, varsa ek yorumlar.<\/p><\/td><\/tr><\/tbody><\/table><p><strong>\u00a0<\/strong><\/p><ol start=\"3\"><li><strong>Ki\u015fisel Verilerin \u0130\u015flenme Ama\u00e7lar\u0131 ve Hukuki Sebebi<\/strong><\/li><\/ol><table width=\"595\"><tbody><tr><td width=\"297\"><p><strong>\u0130\u015fleme Amac\u0131<\/strong><\/p><\/td><td width=\"297\"><p><strong>Hukuki Sebep<\/strong><\/p><\/td><\/tr><tr><td width=\"297\"><p>\u00b7\u00a0\u00a0\u00a0\u00a0\u00a0 \u0130leti\u015fim Faaliyetlerinin Y\u00fcr\u00fct\u00fclmesi<\/p><p>\u00b7\u00a0\u00a0\u00a0\u00a0\u00a0 S\u00f6zle\u015fme S\u00fcre\u00e7lerinin Y\u00fcr\u00fct\u00fclmesi<\/p><p>\u00b7\u00a0\u00a0\u00a0\u00a0\u00a0 Mal \/ Hizmet Sat\u0131\u015f S\u00fcre\u00e7lerinin Y\u00fcr\u00fct\u00fclmesi<\/p><p>\u00b7\u00a0\u00a0\u00a0\u00a0\u00a0 M\u00fc\u015fteri \u0130li\u015fkileri Y\u00f6netimi S\u00fcre\u00e7lerinin Y\u00fcr\u00fct\u00fclmesi<\/p><\/td><td width=\"297\"><p>KVKK m.5 (2) (c) : Bir s\u00f6zle\u015fmenin kurulmas\u0131 veya ifas\u0131yla do\u011frudan do\u011fruya ilgili olmas\u0131 kayd\u0131yla, s\u00f6zle\u015fmenin taraflar\u0131na ait ki\u015fisel verilerin i\u015flenmesinin gerekli olmas\u0131.<\/p><\/td><\/tr><\/tbody><\/table><ol start=\"4\"><li><strong>Ki\u015fisel Verilerin Toplama Y\u00f6ntemi\u00a0<\/strong><\/li><\/ol><p>Ki\u015fisel verileriniz, bu metnin 3. f\u0131kras\u0131nda belirtilen ama\u00e7lar\u0131n yerine getirilebilmesi i\u00e7in KVKK\u2019n\u0131n 5 (2) maddelerindeki hukuki sebeplere dayanarak, a\u015fa\u011f\u0131da belirtilen otomatik veya otomatik olmayan y\u00f6ntemlerle s\u00f6zl\u00fc, yaz\u0131l\u0131 veya elektronik ortamlarda elde edilir:\u00a0<\/p><ul><li>Web sitesindeki formunun doldurularak ba\u015fvuru yap\u0131lmas\u0131,<\/li><li>G\u00f6r\u00fc\u015fmeler s\u0131ras\u0131nda bilgi verilmesi,<\/li><li>Hizmet i\u00e7in kay\u0131t yap\u0131ld\u0131\u011f\u0131 s\u0131rada bilgi verilmesi<\/li><\/ul><ol start=\"5\"><li><strong>\u0130\u015flenen Ki\u015fisel Verilerin Kimlere ve Hangi Ama\u00e7la Aktar\u0131labilece\u011fi <\/strong><\/li><\/ol><p>Ki\u015fisel verileriniz, a\u015fa\u011f\u0131da belirtilen ama\u00e7lar ile KVKK\u2019n\u0131n 8 (2) (a) maddeleri uyar\u0131nca ilgili ki\u015finin a\u00e7\u0131k r\u0131zas\u0131 aranmaks\u0131z\u0131n aktar\u0131lacakt\u0131r:<\/p><ul><li>Yurtd\u0131\u015f\u0131 e\u011fitim faaliyetlerinin y\u00fcr\u00fct\u00fclmesi amac\u0131yla i\u015f orta\u011f\u0131m\u0131z <strong>Endless Grup E\u011fitim Bili\u015fim Fuarc\u0131l\u0131k A.\u015e.<\/strong> ile payla\u015f\u0131labilecektir. Yurtd\u0131\u015f\u0131 e\u011fitim hizmetleri i\u015f orta\u011f\u0131m\u0131z taraf\u0131ndan sa\u011flanmaktad\u0131r.<\/li><\/ul><ol start=\"6\"><li><strong>Yurtd\u0131\u015f\u0131na Aktar\u0131m<\/strong><\/li><\/ol><p>Ki\u015fisel verileriniz, ileti\u015fim ve e\u011fitim faaliyetlerinin y\u00fcr\u00fct\u00fclmesi, ba\u015fvurular\u0131n\u0131n al\u0131nmas\u0131 ama\u00e7lar\u0131yla KVKK\u2019n\u0131n 9 (1) maddesi uyar\u0131nca a\u00e7\u0131k r\u0131zan\u0131za istinaden yurt d\u0131\u015f\u0131na aktar\u0131labilecektir.<\/p><ol start=\"7\"><li><strong>KVKK\u2019n\u0131n 11. Maddesi Kapsam\u0131ndaki Haklar\u0131n\u0131z <\/strong><\/li><\/ol><p>KVKK\u2019n\u0131n 11. maddesi kapsam\u0131nda, veri sahibi olarak haklar\u0131n\u0131z bulunmakta olup bu haklar\u0131n\u0131z ile ilgili taleplerinizi tercihen web sitemizde yer alan <u>\u0130lgili Ki\u015fi Ba\u015fvuru <\/u><u>Formu<\/u>\u2019nda belirtilen b\u00fct\u00fcn bilgileri doldurmak suretiyle KVKK\u2019n\u0131n 11. maddesi ile 13. maddesinin 1. f\u0131kras\u0131 ve <strong><em>Veri Sorumlusuna Ba\u015fvuru Usul ve Esaslar\u0131 Hakk\u0131nda Tebli\u011f<\/em><\/strong> gere\u011fince,<\/p><ul><li><em>\u201c<\/em><em>\u0130smet Kaptan Mah. 1371 Sok. No.5 \u0130\u00e7 Kap\u0131 No: Z2 Konak\/\u0130ZM\u0130R<\/em><em>\u201d <\/em>adresindeki \u015eirketimize bizzat gelerek,<\/li><li>\u201cozelalmandilhizmetleri@hs01.kep.tr\u201d \u015feklindeki kay\u0131tl\u0131 elektronik posta (KEP) adresimiz \u00fczerinden,<\/li><li>Kimli\u011finizi tespit edebilmek ve yanl\u0131\u015f ki\u015filere bilgi vermemek ad\u0131na yaz\u0131l\u0131 olarak noter arac\u0131l\u0131\u011f\u0131 ile veya iadeli taahh\u00fctl\u00fc mektup ile,<\/li><li>(Varsa) Taraf\u0131n\u0131zca daha \u00f6nce \u015eirketimize bildirilen ve sistemlerimizde kay\u0131tl\u0131 bulunan elektronik posta adresini kullanmak suretiyle kvkk@das-akademie.de adresine elektronik posta g\u00f6ndererek veya gelecekte Kurul\u2019un belirleyece\u011fi di\u011fer y\u00f6ntemlerle iletebilirsiniz.<\/li><\/ul><div>\u00a0<\/div><div><h2 style=\"margin: 0cm 0cm 8pt; line-height: 15.6933px; font-size: 11pt; font-family: Calibri, sans-serif; font-style: normal; font-variant-ligatures: normal; font-variant-caps: normal; font-weight: 400; text-align: center;\" align=\"center\"><a><b><span style=\"font-size: 12pt; line-height: 17.12px; font-family: 'Times New Roman', serif; color: black;\">\u00d6ZEL ALMAN D\u0130L H\u0130Z. E\u011eT. TER. T\u0130C. A.\u015e. <\/span><\/b><\/a><b><span style=\"font-size: 12pt; line-height: 17.12px; font-family: 'Times New Roman', serif;\">6698 SAYILI K\u0130\u015e\u0130SEL VER\u0130LER\u0130N KORUNMASI KANUNU KAPSAMINDA <\/span><\/b><b><span style=\"font-size: 12pt; line-height: 17.12px; font-family: 'Times New Roman', serif;\">DAS AKADEMIE KURS\u0130YER ADAYI AYDINLATMA METN\u0130<\/span><\/b><\/h2><p style=\"margin: 0cm 0cm 15.95pt; line-height: 15.6933px; font-size: 11pt; font-family: Calibri, sans-serif; font-style: normal; font-variant-ligatures: normal; font-variant-caps: normal; font-weight: 400; text-align: start;\"><b><span style=\"font-size: 12pt; line-height: 17.12px; font-family: 'Times New Roman', serif;\">Son G\u00fcncelleme: <\/span><\/b><span style=\"font-size: 12pt; line-height: 17.12px; font-family: 'Times New Roman', serif;\">27.01.2023<\/span><\/p><p style=\"margin: 0cm 0cm 15.95pt; line-height: 15.6933px; font-size: 11pt; font-family: Calibri, sans-serif; font-style: normal; font-variant-ligatures: normal; font-variant-caps: normal; font-weight: 400; text-align: start;\"><a><span style=\"font-size: 12pt; line-height: 17.12px; font-family: 'Times New Roman', serif; color: black;\">\u00d6ZEL ALMAN D\u0130L H\u0130Z. E\u011eT. TER. T\u0130C. A.\u015e. <\/span><\/a><span style=\"font-size: 12pt; line-height: 17.12px; font-family: 'Times New Roman', serif;\">(Bundan sonra &#8220;<b>\u015eirket<\/b>&#8221; olarak an\u0131lacakt\u0131r) olarak; ki\u015fisel verilerinizin gizlili\u011fi ve g\u00fcvenli\u011fi en \u00f6nemli \u00f6nceliklerimiz aras\u0131ndad\u0131r. Bu kapsamda 6698 say\u0131l\u0131 Ki\u015fisel Verilerin Korunmas\u0131 Kanunu\u2019nun (Bundan sonra &#8220;<b>KVKK<\/b>&#8221; olarak an\u0131lacakt\u0131r) 10. maddesinden do\u011fan ayd\u0131nlatma y\u00fck\u00fcml\u00fcl\u00fc\u011f\u00fcm\u00fcz\u00fc yerine getirmek amac\u0131yla taraf\u0131m\u0131zca i\u015flenmekte olan ki\u015fisel verilerinizin kullan\u0131m\u0131 ve korunmas\u0131 hakk\u0131nda sizleri bilgilendirmek isteriz.<b><\/b><\/span><\/p><p style=\"margin: 0cm 0cm 15.95pt 36pt; line-height: 15.6933px; font-size: 11pt; font-family: Calibri, sans-serif; font-style: normal; font-variant-ligatures: normal; font-variant-caps: normal; font-weight: 400; text-align: start; text-indent: -18pt;\"><b><span style=\"font-size: 12pt; line-height: 17.12px; font-family: 'Times New Roman', serif;\">1.<span style=\"font: 7pt 'Times New Roman';\">\u00a0\u00a0\u00a0\u00a0 <\/span><\/span><\/b><b><span style=\"font-size: 12pt; line-height: 17.12px; font-family: 'Times New Roman', serif;\">Veri Sorumlusunun Kimli\u011fi:<\/span><\/b><\/p><p style=\"margin: 0cm 0cm 8pt; line-height: 15.6933px; font-size: 11pt; font-family: Calibri, sans-serif; font-style: normal; font-variant-ligatures: normal; font-variant-caps: normal; font-weight: 400; text-align: start;\"><span style=\"font-size: 12pt; line-height: 17.12px; font-family: 'Times New Roman', serif;\">Kusiyer Aday\u0131 Ayd\u0131nlatma Metni\u2019nde belirtilmi\u015f olan bilgiler ve i\u015fbu ki\u015fisel verilerin i\u015flenmesinde \u00d6ZEL ALMAN D\u0130L H\u0130Z. E\u011eT. TER. T\u0130C. A.\u015e. olarak 6698 say\u0131l\u0131 Ki\u015fisel Verilerin Korunmas\u0131 Kanunu ve ilgili sair mevzuat kapsam\u0131nda, veri sorumlusu s\u0131fat\u0131 ile i\u015fledi\u011fimizi taraf\u0131n\u0131za bildiriyoruz.<\/span><\/p><table style=\"margin-left: 1.5pt; border-width: initial; border-style: none;\" border=\"1\" cellspacing=\"0\" cellpadding=\"0\"><tbody><tr><td style=\"width: 121.35pt; border-width: 1pt; border-top-style: solid; border-right-style: solid; border-left-style: solid; border-color: black; padding: 0cm 5.4pt;\" valign=\"top\" width=\"162\"><p style=\"margin: 0cm; line-height: 15.6933px; font-size: 11pt; font-family: Calibri, sans-serif; text-align: justify;\"><b><span style=\"font-size: 12pt; line-height: 17.12px; font-family: 'Times New Roman', serif;\">Veri Sorumlusu<\/span><\/b><\/p><\/td><td style=\"width: 329.4pt; border-top: 1pt solid black; border-right: 1pt solid black; border-bottom-width: 1pt; border-bottom-color: black; border-left-width: initial; border-left-style: none; padding: 0cm 5.4pt;\" valign=\"top\" width=\"439\"><p style=\"margin: 0cm; line-height: 15.6933px; font-size: 11pt; font-family: Calibri, sans-serif; text-align: justify;\"><span style=\"font-size: 12pt; line-height: 17.12px; font-family: 'Times New Roman', serif;\">\u00d6ZEL ALMAN D\u0130L H\u0130Z. E\u011eT. TER. T\u0130C. A.\u015e.<\/span><\/p><\/td><\/tr><tr><td style=\"width: 121.35pt; border-right: 1pt solid black; border-bottom-width: 1pt; border-bottom-color: black; border-left: 1pt solid black; border-top-width: initial; border-top-style: none; padding: 0cm 5.4pt;\" valign=\"top\" width=\"162\"><p style=\"margin: 0cm; line-height: 15.6933px; font-size: 11pt; font-family: Calibri, sans-serif; text-align: justify;\"><b><span style=\"font-size: 12pt; line-height: 17.12px; font-family: 'Times New Roman', serif;\">Veri Sorumlusunun Adresi<\/span><\/b><\/p><\/td><td style=\"width: 329.4pt; border-top-width: initial; border-top-style: none; border-left-width: initial; border-left-style: none; border-bottom-width: 1pt; border-bottom-color: black; border-right: 1pt solid black; padding: 0cm 5.4pt;\" valign=\"top\" width=\"439\"><p style=\"margin: 0cm; line-height: 15.6933px; font-size: 11pt; font-family: Calibri, sans-serif; text-align: justify;\"><span style=\"font-size: 12pt; line-height: 17.12px; font-family: 'Times New Roman', serif;\">\u0130smet Kaptan Mah. 1371 Sokak No:5 \u0130\u00e7 Kap\u0131 No: Z2 Konak-\u0130zmir<\/span><\/p><\/td><\/tr><tr><td style=\"width: 121.35pt; border-right: 1pt solid black; border-bottom-width: 1pt; border-bottom-color: black; border-left: 1pt solid black; border-top-width: initial; border-top-style: none; padding: 0cm 5.4pt;\" valign=\"top\" width=\"162\"><p style=\"margin: 0cm; line-height: 15.6933px; font-size: 11pt; font-family: Calibri, sans-serif; text-align: justify;\"><b><span style=\"font-size: 12pt; line-height: 17.12px; font-family: 'Times New Roman', serif;\">\u0130leti\u015fim Kanal\u0131<\/span><\/b><\/p><\/td><td style=\"width: 329.4pt; border-top-width: initial; border-top-style: none; border-left-width: initial; border-left-style: none; border-bottom-width: 1pt; border-bottom-color: black; border-right: 1pt solid black; padding: 0cm 5.4pt;\" valign=\"top\" width=\"439\"><p style=\"margin: 0cm 0cm 8pt; line-height: 15.6933px; font-size: 11pt; font-family: Calibri, sans-serif;\">kvkk@das-akademie.de<\/p><\/td><\/tr><\/tbody><\/table><p style=\"margin: 0cm 0cm 8pt; line-height: normal; font-size: 11pt; font-family: Calibri, sans-serif; font-style: normal; font-variant-ligatures: normal; font-variant-caps: normal; font-weight: 400; text-align: start;\"><span style=\"font-size: 12pt; font-family: 'Times New Roman', serif;\">\u00a0<\/span><\/p><p style=\"margin: 0cm; line-height: normal; font-size: 11pt; font-family: Calibri, sans-serif; font-style: normal; font-variant-ligatures: normal; font-variant-caps: normal; font-weight: 400;\"><b><span style=\"font-size: 12pt; font-family: 'Times New Roman', serif;\">\u00a0<\/span><\/b><\/p><p style=\"margin: 0cm 0cm 0cm 36pt; line-height: normal; font-size: 11pt; font-family: Calibri, sans-serif; font-style: normal; font-variant-ligatures: normal; font-variant-caps: normal; font-weight: 400; text-indent: -18pt;\"><b><span style=\"font-size: 12pt; font-family: 'Times New Roman', serif;\">2.<span style=\"font: 7pt 'Times New Roman';\">\u00a0\u00a0\u00a0\u00a0 <\/span><\/span><\/b><b><span style=\"font-size: 12pt; font-family: 'Times New Roman', serif;\">Ki\u015fisel Verilerin \u0130\u015flenme Ama\u00e7lar\u0131 ve Hukuki Sebebi<\/span><\/b><b><\/b><\/p><table style=\"margin-left: 5.1pt; border-width: initial; border-style: none;\" border=\"1\" width=\"595\" cellspacing=\"0\" cellpadding=\"0\"><tbody><tr><td style=\"width: 223.1pt; border-width: 1pt; border-top-style: solid; border-right-style: solid; border-left-style: solid; border-color: black; padding: 0cm 5.4pt;\" valign=\"top\" width=\"297\"><p style=\"margin: 0cm; line-height: normal; font-size: 11pt; font-family: Calibri, sans-serif;\"><b><span style=\"font-size: 12pt; font-family: 'Times New Roman', serif;\">\u0130\u015fleme Amac\u0131<\/span><\/b><\/p><\/td><td style=\"width: 223.1pt; border-top: 1pt solid black; border-right: 1pt solid black; border-bottom-width: 1pt; border-bottom-color: black; border-left-width: initial; border-left-style: none; padding: 0cm 5.4pt;\" valign=\"top\" width=\"297\"><p style=\"margin: 0cm; line-height: 15.6933px; font-size: 11pt; font-family: Calibri, sans-serif;\"><b><span style=\"font-size: 12pt; line-height: 17.12px; font-family: 'Times New Roman', serif;\">Hukuki Sebep<\/span><\/b><\/p><\/td><\/tr><tr><td style=\"width: 223.1pt; border-right: 1pt solid black; border-bottom-width: 1pt; border-bottom-color: black; border-left: 1pt solid black; border-top-width: initial; border-top-style: none; padding: 0cm 5.4pt;\" valign=\"top\" width=\"297\"><p style=\"margin: 0cm 0cm 0cm 36pt; font-size: 12pt; font-family: 'Times New Roman', serif; text-align: justify; text-indent: -18pt;\"><span style=\"font-family: Symbol;\">\u00b7<span style=\"font: 7pt 'Times New Roman';\">\u00a0\u00a0\u00a0\u00a0\u00a0 <\/span><\/span>E\u011fitim Faaliyetlerinin Y\u00fcr\u00fct\u00fclmesi<\/p><p style=\"margin: 0cm 0cm 0cm 36pt; font-size: 12pt; font-family: 'Times New Roman', serif; text-align: justify; text-indent: -18pt;\"><span style=\"font-family: Symbol;\">\u00b7<span style=\"font: 7pt 'Times New Roman';\">\u00a0\u00a0\u00a0\u00a0\u00a0 <\/span><\/span>\u0130leti\u015fim Faaliyetlerinin Y\u00fcr\u00fct\u00fclmesi<\/p><p style=\"margin: 0cm 0cm 0cm 36pt; font-size: 12pt; font-family: 'Times New Roman', serif; text-align: justify; text-indent: -18pt;\"><span style=\"font-family: Symbol;\">\u00b7<span style=\"font: 7pt 'Times New Roman';\">\u00a0\u00a0\u00a0\u00a0\u00a0 <\/span><\/span>S\u00f6zle\u015fme S\u00fcre\u00e7lerinin Y\u00fcr\u00fct\u00fclmesi<\/p><p style=\"margin: 0cm 0cm 0cm 36pt; font-size: 12pt; font-family: 'Times New Roman', serif; text-align: justify; text-indent: -18pt;\"><span style=\"font-family: Symbol;\">\u00b7<span style=\"font: 7pt 'Times New Roman';\">\u00a0\u00a0\u00a0\u00a0\u00a0 <\/span><\/span>Mal \/ Hizmet Sat\u0131\u015f S\u00fcre\u00e7lerinin Y\u00fcr\u00fct\u00fclmesi<\/p><p style=\"margin: 0cm 0cm 0cm 36pt; font-size: 12pt; font-family: 'Times New Roman', serif; text-align: justify; text-indent: -18pt;\"><span style=\"font-family: Symbol;\">\u00b7<span style=\"font: 7pt 'Times New Roman';\">\u00a0\u00a0\u00a0\u00a0\u00a0 <\/span><\/span>Finans ve Muhasebe \u0130\u015flerinin Y\u00fcr\u00fct\u00fclmesi<\/p><p style=\"margin: 0cm 0cm 0cm 36pt; font-size: 12pt; font-family: 'Times New Roman', serif; text-align: justify; text-indent: -18pt;\"><span style=\"font-family: Symbol;\">\u00b7<span style=\"font: 7pt 'Times New Roman';\">\u00a0\u00a0\u00a0\u00a0\u00a0 <\/span><\/span>M\u00fc\u015fteri \u0130li\u015fkileri Y\u00f6netimi S\u00fcre\u00e7lerinin Y\u00fcr\u00fct\u00fclmesi<\/p><\/td><td style=\"width: 223.1pt; border-top-width: initial; border-top-style: none; border-left-width: initial; border-left-style: none; border-bottom-width: 1pt; border-bottom-color: black; border-right: 1pt solid black; padding: 0cm 5.4pt;\" valign=\"top\" width=\"297\"><p style=\"margin: 0cm; line-height: normal; font-size: 11pt; font-family: Calibri, sans-serif;\"><span style=\"font-size: 12pt; font-family: 'Times New Roman', serif;\">KVKK m.5 (2) (c): Bir s\u00f6zle\u015fmenin kurulmas\u0131 veya ifas\u0131yla do\u011frudan do\u011fruya ilgili olmas\u0131 kayd\u0131yla, s\u00f6zle\u015fmenin taraflar\u0131na ait ki\u015fisel verilerin i\u015flenmesinin gerekli olmas\u0131.<b><\/b><\/span><\/p><\/td><\/tr><\/tbody><\/table><p style=\"margin: 0cm 0cm 0cm 36pt; font-size: 12pt; font-family: 'Times New Roman', serif; font-style: normal; font-variant-ligatures: normal; font-variant-caps: normal; font-weight: 400; text-align: start; text-indent: -18pt;\">3.<span style=\"font: 7pt 'Times New Roman';\">\u00a0\u00a0\u00a0\u00a0 <\/span><b>Ki\u015fisel Verilerin Toplama Y\u00f6ntemi\u00a0<\/b>\u00a0<\/p><p style=\"margin: 0cm; font-size: 12pt; font-family: 'Times New Roman', serif; font-style: normal; font-variant-ligatures: normal; font-variant-caps: normal; font-weight: 400;\">Ki\u015fisel verileriniz, bu metnin 3. f\u0131kras\u0131nda belirtilen ama\u00e7lar\u0131n yerine getirilebilmesi i\u00e7in KVKK\u2019n\u0131n 5 (2) maddelerindeki hukuki sebeplere dayanarak, a\u015fa\u011f\u0131da belirtilen otomatik veya otomatik olmayan y\u00f6ntemlerle s\u00f6zl\u00fc, yaz\u0131l\u0131 veya elektronik ortamlarda elde edilir:\u00a0<\/p><p style=\"margin: 0cm 0cm 0cm 36pt; font-size: 12pt; font-family: 'Times New Roman', serif; font-style: normal; font-variant-ligatures: normal; font-variant-caps: normal; font-weight: 400; text-align: start; text-indent: -18pt;\"><span style=\"font-family: Symbol;\">\u00b7<span style=\"font: 7pt 'Times New Roman';\">\u00a0\u00a0\u00a0\u00a0\u00a0 <\/span><\/span>Web sitesindeki formunun doldurularak ba\u015fvuru yap\u0131lmas\u0131,<\/p><p style=\"margin: 0cm 0cm 0cm 36pt; font-size: 12pt; font-family: 'Times New Roman', serif; font-style: normal; font-variant-ligatures: normal; font-variant-caps: normal; font-weight: 400; text-align: start; text-indent: -18pt;\"><span style=\"font-family: Symbol;\">\u00b7<span style=\"font: 7pt 'Times New Roman';\">\u00a0\u00a0\u00a0\u00a0\u00a0 <\/span><\/span>G\u00f6r\u00fc\u015fmeler s\u0131ras\u0131nda bilgi verilmesi,<\/p><ul style=\"margin-bottom: 0cm; font-size: medium; font-style: normal; font-variant-ligatures: normal; font-variant-caps: normal; font-weight: 400; text-align: start; margin-top: 0cm;\" type=\"disc\"><li style=\"margin: 0cm; line-height: normal; font-size: 11pt; font-family: Calibri, sans-serif; background-image: initial; background-position: initial; background-size: initial; background-repeat: initial; background-attachment: initial; background-origin: initial; background-clip: initial;\"><span style=\"font-size: 12pt; font-family: 'Times New Roman', serif;\">Kurs i\u00e7in kay\u0131t yap\u0131ld\u0131\u011f\u0131 s\u0131rada bilgi verilmesi<\/span><\/li><\/ul><p style=\"margin: 0cm 0cm 6pt 36pt; line-height: 16.8667px; font-size: 11pt; font-family: Calibri, sans-serif; font-style: normal; font-variant-ligatures: normal; font-variant-caps: normal; font-weight: 400; text-indent: -18pt;\"><b><span style=\"font-size: 12pt; line-height: 18.4px; font-family: 'Times New Roman', serif;\">4.<span style=\"font: 7pt 'Times New Roman';\">\u00a0\u00a0\u00a0\u00a0 <\/span><\/span><\/b><b><span style=\"font-size: 12pt; line-height: 18.4px; font-family: 'Times New Roman', serif;\">\u0130\u015flenen Ki\u015fisel Verilerin Kimlere ve Hangi Ama\u00e7la Aktar\u0131labilece\u011fi<\/span><\/b><\/p><p style=\"margin: 0cm 0cm 6pt; line-height: 16.8667px; font-size: 11pt; font-family: Calibri, sans-serif; font-style: normal; font-variant-ligatures: normal; font-variant-caps: normal; font-weight: 400;\"><span style=\"font-size: 12pt; line-height: 18.4px; font-family: 'Times New Roman', serif;\">Ki\u015fisel verileriniz, a\u015fa\u011f\u0131da belirtilen ama\u00e7lar ile KVKK\u2019 n\u0131n 8 (2) (a) maddeleri uyar\u0131nca ilgili ki\u015finin a\u00e7\u0131k r\u0131zas\u0131 aranmaks\u0131z\u0131n aktar\u0131lacakt\u0131r:<\/span><\/p><p style=\"margin: 0cm 0cm 6pt 36pt; line-height: 16.8667px; font-size: 11pt; font-family: Calibri, sans-serif; font-style: normal; font-variant-ligatures: normal; font-variant-caps: normal; font-weight: 400; text-indent: -18pt;\"><span style=\"font-size: 12pt; line-height: 18.4px; font-family: Symbol;\">\u00b7<span style=\"font: 7pt 'Times New Roman';\">\u00a0\u00a0\u00a0\u00a0\u00a0 <\/span><\/span><span style=\"font-size: 12pt; line-height: 18.4px; font-family: 'Times New Roman', serif;\">Hukuki bir s\u00fcre\u00e7 olmas\u0131 halinde s\u00fcrecin takip edilebilmesi amac\u0131yla avukatlar\u0131m\u0131z ile s\u0131r saklama y\u00fck\u00fcml\u00fcl\u00fc\u011f\u00fc \u00e7er\u00e7evesinde gerekti\u011fi kadar payla\u015f\u0131labilecektir.<\/span><\/p><p style=\"margin: 0cm 0cm 6pt 36pt; line-height: 16.8667px; font-size: 11pt; font-family: Calibri, sans-serif; font-style: normal; font-variant-ligatures: normal; font-variant-caps: normal; font-weight: 400; text-indent: -18pt;\"><span style=\"font-size: 12pt; line-height: 18.4px; font-family: Symbol;\">\u00b7<span style=\"font: 7pt 'Times New Roman';\">\u00a0\u00a0\u00a0\u00a0\u00a0 <\/span><\/span><span style=\"font-size: 12pt; line-height: 18.4px; font-family: 'Times New Roman', serif;\">Kay\u0131t olman\u0131z halinde \u00fcr\u00fcn ve hizmetlere dair \u00fccretlerin tahsilat\u0131 kapsam\u0131nda finans ve\/veya muhasebe i\u015flerinin y\u00fcr\u00fct\u00fclmesi amac\u0131yla, gerekmesi halinde noter, icra daireleri ve\/veya mahkemeler ile payla\u015f\u0131labilecektir.<\/span><\/p><p style=\"margin: 0cm 0cm 6pt 36pt; line-height: 16.8667px; font-size: 11pt; font-family: Calibri, sans-serif; font-style: normal; font-variant-ligatures: normal; font-variant-caps: normal; font-weight: 400; text-indent: -18pt;\"><span style=\"font-size: 12pt; line-height: 18.4px; font-family: Symbol;\">\u00b7<span style=\"font: 7pt 'Times New Roman';\">\u00a0\u00a0\u00a0\u00a0\u00a0 <\/span><\/span><span style=\"font-size: 12pt; line-height: 18.4px; font-family: 'Times New Roman', serif;\">E\u011fitim faaliyetlerinin y\u00fcr\u00fct\u00fclmesi amac\u0131yla Freelance \u00e7al\u0131\u015ft\u0131\u011f\u0131m\u0131z \u00f6\u011fretmenlerimizle payla\u015f\u0131labilecektir.<\/span><\/p><p style=\"margin: 0cm 0cm 6pt 36pt; line-height: 16.8667px; font-size: 11pt; font-family: Calibri, sans-serif; font-style: normal; font-variant-ligatures: normal; font-variant-caps: normal; font-weight: 400;\"><span style=\"font-size: 12pt; line-height: 18.4px; font-family: 'Times New Roman', serif;\">\u00a0<\/span><\/p><p style=\"margin: 0cm 0cm 6pt 36pt; line-height: 16.8667px; font-size: 11pt; font-family: Calibri, sans-serif; font-style: normal; font-variant-ligatures: normal; font-variant-caps: normal; font-weight: 400; text-indent: -18pt;\"><b><span style=\"font-size: 12pt; line-height: 18.4px; font-family: 'Times New Roman', serif;\">5.<span style=\"font: 7pt 'Times New Roman';\">\u00a0\u00a0\u00a0\u00a0 <\/span><\/span><\/b><b><span style=\"font-size: 12pt; line-height: 18.4px; font-family: 'Times New Roman', serif;\">Yurtd\u0131\u015f\u0131na Aktar\u0131m<\/span><\/b><\/p><p style=\"margin: 0cm 0cm 6pt; line-height: 16.8667px; font-size: 11pt; font-family: Calibri, sans-serif; font-style: normal; font-variant-ligatures: normal; font-variant-caps: normal; font-weight: 400;\"><span style=\"font-size: 12pt; line-height: 18.4px; font-family: 'Times New Roman', serif;\">KVKK\u2019 n\u0131n 5 (2) maddesinde belirtilen hukuki sebeplere dayanarak i\u015flenen ki\u015fisel verileriniz, Google Form arac\u0131l\u0131\u011f\u0131yla toplanmaktad\u0131r. Google sunucular\u0131 yurt d\u0131\u015f\u0131nda bulunmaktad\u0131r. Bu kapsamda ki\u015fisel verileriniz, ileti\u015fim ve e\u011fitim faaliyetlerinin y\u00fcr\u00fct\u00fclmesi, ba\u015fvurular\u0131n\u0131n al\u0131nmas\u0131 ama\u00e7lar\u0131yla KVKK\u2019\u00a0 n\u0131n 9 (1) maddesi uyar\u0131nca a\u00e7\u0131k r\u0131zan\u0131za istinaden yurt d\u0131\u015f\u0131na aktar\u0131labilecektir.<\/span><\/p><p style=\"margin: 0cm 0cm 6pt 36pt; line-height: 16.8667px; font-size: 11pt; font-family: Calibri, sans-serif; font-style: normal; font-variant-ligatures: normal; font-variant-caps: normal; font-weight: 400; text-indent: -18pt;\"><b><span style=\"font-size: 12pt; line-height: 18.4px; font-family: 'Times New Roman', serif;\">6.<span style=\"font: 7pt 'Times New Roman';\">\u00a0\u00a0\u00a0\u00a0 <\/span><\/span><\/b><b><span style=\"font-size: 12pt; line-height: 18.4px; font-family: 'Times New Roman', serif;\">KVKK\u2019 n\u0131n 11. Maddesi Kapsam\u0131ndaki Haklar\u0131n\u0131z<\/span><\/b><\/p><p style=\"margin: 0cm; line-height: 16.8667px; font-size: 11pt; font-family: Calibri, sans-serif; font-style: normal; font-variant-ligatures: normal; font-variant-caps: normal; font-weight: 400;\"><span style=\"font-size: 12pt; line-height: 18.4px; font-family: 'Times New Roman', serif;\">KVKK\u2019 n\u0131n 11. maddesi kapsam\u0131nda, veri sahibi olarak<b> <\/b>haklar\u0131n\u0131z bulunmakta olup bu haklar\u0131n\u0131z ile ilgili taleplerinizi tercihen web sitemizde yer alan <\/span><u><span style=\"font-size: 12pt; line-height: 18.4px; font-family: 'Times New Roman', serif;\">\u0130lgili Ki\u015fi Ba\u015fvuru <\/span><\/u><u><span style=\"font-size: 12pt; line-height: 18.4px; font-family: 'Times New Roman', serif;\">Formu<\/span><\/u><span style=\"font-size: 12pt; line-height: 18.4px; font-family: 'Times New Roman', serif;\">\u2019 n da belirtilen b\u00fct\u00fcn bilgileri doldurmak suretiyle KVKK\u2019n\u0131n 11. maddesi ile 13. maddesinin 1. f\u0131kras\u0131 ve <b><i>Veri Sorumlusuna Ba\u015fvuru Usul ve Esaslar\u0131 Hakk\u0131nda Tebli\u011f<\/i><\/b> gere\u011fince,<\/span><\/p><p style=\"margin: 0cm 0cm 0cm 36pt; line-height: 16.8667px; font-size: 11pt; font-family: Calibri, sans-serif; font-style: normal; font-variant-ligatures: normal; font-variant-caps: normal; font-weight: 400; text-indent: -18pt;\"><span style=\"font-size: 12pt; line-height: 18.4px; font-family: Symbol;\">\u00b7<span style=\"font: 7pt 'Times New Roman';\">\u00a0\u00a0\u00a0\u00a0\u00a0 <\/span><\/span><i><span style=\"font-size: 12pt; line-height: 18.4px; font-family: 'Times New Roman', serif;\">\u201c<\/span><\/i><i><span lang=\"PT\" style=\"font-size: 12pt; line-height: 18.4px; font-family: 'Times New Roman', serif;\">\u0130smet Kaptan Mah. 1371 Sokak No:5 \u0130\u00e7 Kap\u0131 No: Z2 Konak-\u0130zmir<\/span><\/i><i><span style=\"font-size: 12pt; line-height: 18.4px; font-family: 'Times New Roman', serif;\">\u201d <\/span><\/i><span style=\"font-size: 12pt; line-height: 18.4px; font-family: 'Times New Roman', serif;\">adresindeki \u015eirketimize bizzat gelerek,<\/span><\/p><p style=\"margin: 0cm 0cm 0cm 36pt; line-height: 16.8667px; font-size: 11pt; font-family: Calibri, sans-serif; font-style: normal; font-variant-ligatures: normal; font-variant-caps: normal; font-weight: 400; text-indent: -18pt;\"><span style=\"font-size: 12pt; line-height: 18.4px; font-family: Symbol;\">\u00b7<span style=\"font: 7pt 'Times New Roman';\">\u00a0\u00a0\u00a0\u00a0\u00a0 <\/span><\/span><span style=\"font-size: 12pt; line-height: 18.4px; font-family: 'Times New Roman', serif;\">ozelalmandilhizmetleri@hs01.kep.tr \u015feklindeki kay\u0131tl\u0131 elektronik posta (KEP) adresimiz \u00fczerinden,<\/span><\/p><p style=\"margin: 0cm 0cm 0cm 36pt; line-height: 16.8667px; font-size: 11pt; font-family: Calibri, sans-serif; font-style: normal; font-variant-ligatures: normal; font-variant-caps: normal; font-weight: 400; text-indent: -18pt;\"><span style=\"font-size: 12pt; line-height: 18.4px; font-family: Symbol;\">\u00b7<span style=\"font: 7pt 'Times New Roman';\">\u00a0\u00a0\u00a0\u00a0\u00a0 <\/span><\/span><span style=\"font-size: 12pt; line-height: 18.4px; font-family: 'Times New Roman', serif;\">kimli\u011finizi tespit edebilmek ve yanl\u0131\u015f ki\u015filere bilgi vermemek ad\u0131na yaz\u0131l\u0131 olarak noter arac\u0131l\u0131\u011f\u0131 ile veya iadeli taahh\u00fctl\u00fc mektup ile,<\/span><\/p><p style=\"margin: 0cm 0cm 0cm 36pt; line-height: 16.8667px; font-size: 11pt; font-family: Calibri, sans-serif; font-style: normal; font-variant-ligatures: normal; font-variant-caps: normal; font-weight: 400; text-indent: -18pt;\"><span style=\"font-size: 12pt; line-height: 18.4px; font-family: Symbol;\">\u00b7<span style=\"font: 7pt 'Times New Roman';\">\u00a0\u00a0\u00a0\u00a0\u00a0 <\/span><\/span><span style=\"font-size: 12pt; line-height: 18.4px; font-family: 'Times New Roman', serif;\">\u00a0(varsa) taraf\u0131n\u0131zca daha \u00f6nce \u015eirketimize bildirilen ve sistemlerimizde kay\u0131tl\u0131 bulunan elektronik posta adresini kullanmak suretiyle <\/span><a style=\"color: #0563c1; text-decoration-line: underline;\" href=\"mailto:kvkk@das-akademie.de\"><span style=\"font-size: 12pt; line-height: 18.4px; font-family: 'Times New Roman', serif;\">kvkk@das-akademie.de<\/span><\/a><span style=\"font-size: 12pt; line-height: 18.4px; font-family: 'Times New Roman', serif;\"> adresine elektronik posta g\u00f6ndererek<\/span><\/p><p style=\"margin: 0cm 0cm 0cm 18pt; line-height: 16.8667px; font-size: 11pt; font-family: Calibri, sans-serif; font-style: normal; font-variant-ligatures: normal; font-variant-caps: normal; font-weight: 400;\"><span style=\"font-size: 12pt; line-height: 18.4px; font-family: 'Times New Roman', serif;\">veya gelecekte Kurul\u2019un belirleyece\u011fi di\u011fer y\u00f6ntemlerle iletebilirsiniz.<\/span><\/p><p style=\"margin: 0cm 0cm 0cm 18pt; line-height: 16.8667px; font-size: 11pt; font-family: Calibri, sans-serif; font-style: normal; font-variant-ligatures: normal; font-variant-caps: normal; font-weight: 400;\"><span style=\"font-size: 12pt; line-height: 18.4px; font-family: 'Times New Roman', serif;\">\u00a0<\/span><\/p><p style=\"margin: 0cm 0cm 0cm 18pt; line-height: 16.8667px; font-size: 11pt; font-family: Calibri, sans-serif; font-style: normal; font-variant-ligatures: normal; font-variant-caps: normal; font-weight: 400;\"><span style=\"font-size: 12pt; line-height: 18.4px; font-family: 'Times New Roman', serif;\">\u00a0<\/span><\/p><h2 style=\"margin: 0cm 0cm 8pt; line-height: 15.6933px; font-size: 11pt; font-family: Calibri, sans-serif; font-style: normal; font-variant-ligatures: normal; font-variant-caps: normal; font-weight: 400; text-align: center;\" align=\"center\"><b><span style=\"font-size: 10pt; line-height: 14.2667px;\">\u00d6ZEL ALMAN D\u0130L H\u0130Z. E\u011eT. TER. T\u0130C. A.\u015e. <\/span><\/b><b><span style=\"font-size: 10pt; line-height: 14.2667px;\">6698 SAYILI K\u0130\u015e\u0130SEL VER\u0130LER\u0130N KORUNMASI KANUNU KAPSAMINDA <\/span><\/b><b><span style=\"font-size: 10pt; line-height: 14.2667px;\">DAS AKADEMIE T\u0130CAR\u0130 ELEKTRON\u0130K \u0130LET\u0130 AYDINLATMA METN\u0130<\/span><\/b><\/h2><p style=\"margin: 0cm 0cm 15.95pt; line-height: 15.6933px; font-size: 11pt; font-family: Calibri, sans-serif; font-style: normal; font-variant-ligatures: normal; font-variant-caps: normal; font-weight: 400; text-align: start;\"><b><span style=\"font-size: 10pt; line-height: 14.2667px;\">Son G\u00fcncelleme: <\/span><\/b><span style=\"font-size: 10pt; line-height: 14.2667px;\">27.01.2023<\/span><\/p><p style=\"margin: 0cm 0cm 15.95pt; line-height: 15.6933px; font-size: 11pt; font-family: Calibri, sans-serif; font-style: normal; font-variant-ligatures: normal; font-variant-caps: normal; font-weight: 400; text-align: start;\"><a><span style=\"font-size: 10pt; line-height: 14.2667px; color: black;\">\u00d6ZEL ALMAN D\u0130L H\u0130Z. E\u011eT. TER. T\u0130C. A\u015e. <\/span><\/a><span style=\"font-size: 10pt; line-height: 14.2667px;\">(Bundan sonra &#8220;<b>\u015eirket<\/b>&#8221; olarak an\u0131lacakt\u0131r) olarak; ki\u015fisel verilerinizin gizlili\u011fi ve g\u00fcvenli\u011fi en \u00f6nemli \u00f6nceliklerimiz aras\u0131ndad\u0131r. Bu kapsamda 6698 say\u0131l\u0131 Ki\u015fisel Verilerin Korunmas\u0131 Kanunu\u2019nun (Bundan sonra &#8220;<b>KVKK<\/b>&#8221; olarak an\u0131lacakt\u0131r) 10. maddesinden do\u011fan ayd\u0131nlatma y\u00fck\u00fcml\u00fcl\u00fc\u011f\u00fcm\u00fcz\u00fc yerine getirmek amac\u0131yla taraf\u0131m\u0131zca i\u015flenmekte olan ki\u015fisel verilerinizin kullan\u0131m\u0131 ve korunmas\u0131 hakk\u0131nda sizleri bilgilendirmek isteriz.<b><\/b><\/span><\/p><p style=\"margin: 0cm 0cm 15.95pt 36pt; line-height: 15.6933px; font-size: 11pt; font-family: Calibri, sans-serif; font-style: normal; font-variant-ligatures: normal; font-variant-caps: normal; font-weight: 400; text-align: start; text-indent: -18pt;\"><b><span style=\"font-size: 10pt; line-height: 14.2667px;\">1.<span style=\"font: 7pt 'Times New Roman';\">\u00a0\u00a0\u00a0\u00a0 <\/span><\/span><\/b><b><span style=\"font-size: 10pt; line-height: 14.2667px;\">Veri Sorumlusunun Kimli\u011fi:<\/span><\/b><\/p><p style=\"margin: 0cm 0cm 8pt; line-height: 15.6933px; font-size: 11pt; font-family: Calibri, sans-serif; font-style: normal; font-variant-ligatures: normal; font-variant-caps: normal; font-weight: 400; text-align: start;\"><span style=\"font-size: 10pt; line-height: 14.2667px;\">Ticari Elektronik \u0130leti Ayd\u0131nlatma Metni\u2019nde belirtilmi\u015f olan bilgiler ve i\u015fbu ki\u015fisel verilerin i\u015flenmesinde \u00d6ZEL ALMAN D\u0130L H\u0130Z. E\u011eT. TER. T\u0130C. A.\u015e. olarak 6698 say\u0131l\u0131 Ki\u015fisel Verilerin Korunmas\u0131 Kanunu ve ilgili sair mevzuat kapsam\u0131nda, veri sorumlusu s\u0131fat\u0131 ile i\u015fledi\u011fimizi taraf\u0131n\u0131za bildiriyoruz.<\/span><\/p><table style=\"margin-left: 1.5pt; border-width: initial; border-style: none;\" border=\"1\" cellspacing=\"0\" cellpadding=\"0\"><tbody><tr><td style=\"width: 121.35pt; border-width: 1pt; border-top-style: solid; border-right-style: solid; border-left-style: solid; border-color: black; padding: 0cm 5.4pt;\" valign=\"top\" width=\"162\"><p style=\"margin: 0cm; line-height: 15.6933px; font-size: 11pt; font-family: Calibri, sans-serif; text-align: justify;\"><b><span style=\"font-size: 10pt; line-height: 14.2667px;\">Veri Sorumlusu<\/span><\/b><\/p><\/td><td style=\"width: 329.4pt; border-top: 1pt solid black; border-right: 1pt solid black; border-bottom-width: 1pt; border-bottom-color: black; border-left-width: initial; border-left-style: none; padding: 0cm 5.4pt;\" valign=\"top\" width=\"439\"><p style=\"margin: 0cm; line-height: 15.6933px; font-size: 11pt; font-family: Calibri, sans-serif; text-align: justify;\"><span style=\"font-size: 10pt; line-height: 14.2667px;\">\u00d6ZEL ALMAN D\u0130L H\u0130Z. E\u011eT. TER. T\u0130C. A.\u015e.<\/span><\/p><\/td><\/tr><tr><td style=\"width: 121.35pt; border-right: 1pt solid black; border-bottom-width: 1pt; border-bottom-color: black; border-left: 1pt solid black; border-top-width: initial; border-top-style: none; padding: 0cm 5.4pt;\" valign=\"top\" width=\"162\"><p style=\"margin: 0cm; line-height: 15.6933px; font-size: 11pt; font-family: Calibri, sans-serif; text-align: justify;\"><b><span style=\"font-size: 10pt; line-height: 14.2667px;\">Veri Sorumlusunun Adresi<\/span><\/b><\/p><\/td><td style=\"width: 329.4pt; border-top-width: initial; border-top-style: none; border-left-width: initial; border-left-style: none; border-bottom-width: 1pt; border-bottom-color: black; border-right: 1pt solid black; padding: 0cm 5.4pt;\" valign=\"top\" width=\"439\"><p style=\"margin: 0cm; line-height: 15.6933px; font-size: 11pt; font-family: Calibri, sans-serif; text-align: justify;\"><span style=\"font-size: 10pt; line-height: 14.2667px;\">\u0130smet Kaptan Mah. 1371 Sokak No:5 \u0130\u00e7 Kap\u0131 No: Z2 Konak-\u0130zmir<\/span><\/p><\/td><\/tr><tr><td style=\"width: 121.35pt; border-right: 1pt solid black; border-bottom-width: 1pt; border-bottom-color: black; border-left: 1pt solid black; border-top-width: initial; border-top-style: none; padding: 0cm 5.4pt;\" valign=\"top\" width=\"162\"><p style=\"margin: 0cm; line-height: 15.6933px; font-size: 11pt; font-family: Calibri, sans-serif; text-align: justify;\"><b><span style=\"font-size: 10pt; line-height: 14.2667px;\">\u0130leti\u015fim Kanal\u0131<\/span><\/b><\/p><\/td><td style=\"width: 329.4pt; border-top-width: initial; border-top-style: none; border-left-width: initial; border-left-style: none; border-bottom-width: 1pt; border-bottom-color: black; border-right: 1pt solid black; padding: 0cm 5.4pt;\" valign=\"top\" width=\"439\"><p style=\"margin: 0cm 0cm 8pt; line-height: 15.6933px; font-size: 11pt; font-family: Calibri, sans-serif;\"><span style=\"font-size: 10pt; line-height: 14.2667px;\">kvkk@das-akademie.de<\/span><\/p><\/td><\/tr><\/tbody><\/table><p style=\"margin: 0cm 0cm 8pt; line-height: normal; font-size: 11pt; font-family: Calibri, sans-serif; font-style: normal; font-variant-ligatures: normal; font-variant-caps: normal; font-weight: 400; text-align: start;\"><span style=\"font-size: 10pt;\">\u00a0<\/span><\/p><p style=\"margin: 0cm 0cm 0cm 36pt; line-height: normal; font-size: 11pt; font-family: Calibri, sans-serif; font-style: normal; font-variant-ligatures: normal; font-variant-caps: normal; font-weight: 400; text-indent: -18pt;\"><b><span style=\"font-size: 10pt;\">2.<span style=\"font: 7pt 'Times New Roman';\">\u00a0\u00a0\u00a0\u00a0 <\/span><\/span><\/b><b><span style=\"font-size: 10pt;\">\u0130\u015flenen Ki\u015fisel Veriler<\/span><\/b><\/p><p style=\"margin: 0cm; line-height: normal; font-size: 11pt; font-family: Calibri, sans-serif; font-style: normal; font-variant-ligatures: normal; font-variant-caps: normal; font-weight: 400;\"><span style=\"font-size: 10pt;\">KVKK ve ilgili sair mevzuata uygun olarak i\u015fbu Ticari Elektronik \u0130leti Ayd\u0131nlatma Metni\u2019nde belirtilen ama\u00e7lar ve hukuki sebepler kapsam\u0131nda i\u015flenecek ki\u015fisel veri kategori ve a\u00e7\u0131klamalar\u0131 a\u015fa\u011f\u0131daki gibidir:<\/span><\/p><p style=\"margin: 0cm; line-height: normal; font-size: 11pt; font-family: Calibri, sans-serif; font-style: normal; font-variant-ligatures: normal; font-variant-caps: normal; font-weight: 400;\"><span style=\"font-size: 10pt;\">\u00a0<\/span><\/p><table style=\"border-width: initial; border-style: none;\" border=\"1\" cellspacing=\"0\" cellpadding=\"0\"><tbody><tr><td style=\"width: 226.55pt; border-width: 1pt; border-top-style: solid; border-right-style: solid; border-left-style: solid; border-color: black; padding: 0cm 5.4pt;\" valign=\"top\" width=\"302\"><p style=\"margin: 0cm; line-height: normal; font-size: 11pt; font-family: Calibri, sans-serif; text-align: justify;\"><b><span style=\"font-size: 10pt;\">Ki\u015fisel Veri Kategorisi<\/span><\/b><\/p><\/td><td style=\"width: 226.55pt; border-top: 1pt solid black; border-right: 1pt solid black; border-bottom-width: 1pt; border-bottom-color: black; border-left-width: initial; border-left-style: none; padding: 0cm 5.4pt;\" valign=\"top\" width=\"302\"><p style=\"margin: 0cm; line-height: normal; font-size: 11pt; font-family: Calibri, sans-serif; text-align: justify;\"><b><span style=\"font-size: 10pt;\">Ki\u015fisel Veri<\/span><\/b><\/p><\/td><\/tr><tr><td style=\"width: 226.55pt; border-right: 1pt solid black; border-bottom-width: 1pt; border-bottom-color: black; border-left: 1pt solid black; border-top-width: initial; border-top-style: none; padding: 0cm 5.4pt;\" valign=\"top\" width=\"302\"><p style=\"margin: 0cm; line-height: normal; font-size: 11pt; font-family: Calibri, sans-serif; text-align: justify;\"><span style=\"font-size: 10pt;\">Kimlik<\/span><\/p><\/td><td style=\"width: 226.55pt; border-top-width: initial; border-top-style: none; border-left-width: initial; border-left-style: none; border-bottom-width: 1pt; border-bottom-color: black; border-right: 1pt solid black; padding: 0cm 5.4pt;\" valign=\"top\" width=\"302\"><p style=\"margin: 0cm; line-height: normal; font-size: 11pt; font-family: Calibri, sans-serif; text-align: justify;\"><span style=\"font-size: 10pt;\">Ad\u0131-soyad\u0131<\/span><\/p><\/td><\/tr><tr><td style=\"width: 226.55pt; border-right: 1pt solid black; border-bottom-width: 1pt; border-bottom-color: black; border-left: 1pt solid black; border-top-width: initial; border-top-style: none; padding: 0cm 5.4pt;\" valign=\"top\" width=\"302\"><p style=\"margin: 0cm; line-height: normal; font-size: 11pt; font-family: Calibri, sans-serif; text-align: justify;\"><span style=\"font-size: 10pt;\">\u0130leti\u015fim<\/span><\/p><\/td><td style=\"width: 226.55pt; border-top-width: initial; border-top-style: none; border-left-width: initial; border-left-style: none; border-bottom-width: 1pt; border-bottom-color: black; border-right: 1pt solid black; padding: 0cm 5.4pt;\" valign=\"top\" width=\"302\"><p style=\"margin: 0cm; line-height: normal; font-size: 11pt; font-family: Calibri, sans-serif; text-align: justify;\"><span style=\"font-size: 10pt;\">E-posta adresi, telefon numaras\u0131<\/span><\/p><\/td><\/tr><\/tbody><\/table><p style=\"margin: 0cm; line-height: normal; font-size: 11pt; font-family: Calibri, sans-serif; font-style: normal; font-variant-ligatures: normal; font-variant-caps: normal; font-weight: 400;\"><span style=\"font-size: 10pt;\">\u00a0<\/span><\/p><p style=\"margin: 0cm; line-height: normal; font-size: 11pt; font-family: Calibri, sans-serif; font-style: normal; font-variant-ligatures: normal; font-variant-caps: normal; font-weight: 400;\"><span style=\"font-size: 10pt;\">E-posta adresi, telefon numaras\u0131 ve ad\u0131-soyad\u0131 d\u0131\u015f\u0131ndaki ki\u015fisel veri i\u015fleme faaliyetleri t\u00fcm site ziyaret\u00e7ilerine uygulanan \u00c7erez Politikas\u0131 ve Gizlilik Politikas\u0131nda belirtilen usullerde ger\u00e7ekle\u015ftirilmektedir. Ayr\u0131ca \u0130nternet Sitesi Ayd\u0131nlatma Metnimizi de inceleyebilirsiniz.<\/span><\/p><p style=\"margin: 0cm; line-height: normal; font-size: 11pt; font-family: Calibri, sans-serif; font-style: normal; font-variant-ligatures: normal; font-variant-caps: normal; font-weight: 400;\"><b><span style=\"font-size: 10pt;\">\u00a0<\/span><\/b><\/p><p style=\"margin: 0cm 0cm 0cm 36pt; line-height: normal; font-size: 11pt; font-family: Calibri, sans-serif; font-style: normal; font-variant-ligatures: normal; font-variant-caps: normal; font-weight: 400; text-indent: -18pt;\"><b><span style=\"font-size: 10pt;\">3.<span style=\"font: 7pt 'Times New Roman';\">\u00a0\u00a0\u00a0\u00a0 <\/span><\/span><\/b><b><span style=\"font-size: 10pt;\">Ki\u015fisel Verilerin \u0130\u015flenme Ama\u00e7lar\u0131 ve Hukuki Sebebi<\/span><\/b><b><\/b><\/p><p style=\"margin: 0cm 0cm 8pt; line-height: 15.6933px; font-size: 11pt; font-family: Calibri, sans-serif; font-style: normal; font-variant-ligatures: normal; font-variant-caps: normal; font-weight: 400; text-align: start;\"><span style=\"font-size: 10pt; line-height: 14.2667px;\">Ki\u015fisel verileriniz,<\/span><\/p><p style=\"margin: 0cm 0cm 0cm 36pt; line-height: 15.6933px; font-size: 11pt; font-family: Calibri, sans-serif; font-style: normal; font-variant-ligatures: normal; font-variant-caps: normal; font-weight: 400; text-align: start; text-indent: -18pt;\"><span style=\"font-size: 10pt; line-height: 14.2667px; font-family: Symbol;\">\u00b7<span style=\"font: 7pt 'Times New Roman';\">\u00a0\u00a0\u00a0\u00a0\u00a0\u00a0 <\/span><\/span><span style=\"font-size: 10pt; line-height: 14.2667px;\">Reklam \/ Kampanya \/ Promosyon S\u00fcre\u00e7lerinin Y\u00fcr\u00fct\u00fclmesi<\/span><\/p><p style=\"margin: 0cm 0cm 0cm 36pt; line-height: 15.6933px; font-size: 11pt; font-family: Calibri, sans-serif; font-style: normal; font-variant-ligatures: normal; font-variant-caps: normal; font-weight: 400; text-align: start; text-indent: -18pt;\"><span style=\"font-size: 10pt; line-height: 14.2667px; font-family: Symbol;\">\u00b7<span style=\"font: 7pt 'Times New Roman';\">\u00a0\u00a0\u00a0\u00a0\u00a0\u00a0 <\/span><\/span><span style=\"font-size: 10pt; line-height: 14.2667px;\">\u00dcr\u00fcn \/ Hizmetlerin Pazarlama S\u00fcre\u00e7lerinin Y\u00fcr\u00fct\u00fclmesi<\/span><\/p><p style=\"margin: 0cm 0cm 0cm 36pt; line-height: 15.6933px; font-size: 11pt; font-family: Calibri, sans-serif; font-style: normal; font-variant-ligatures: normal; font-variant-caps: normal; font-weight: 400; text-align: start; text-indent: -18pt;\"><span style=\"font-size: 10pt; line-height: 14.2667px; font-family: Symbol;\">\u00b7<span style=\"font: 7pt 'Times New Roman';\">\u00a0\u00a0\u00a0\u00a0\u00a0\u00a0 <\/span><\/span><span style=\"font-size: 10pt; line-height: 14.2667px;\">M\u00fc\u015fteri Memnuniyetine Y\u00f6nelik Aktivitelerin Y\u00fcr\u00fct\u00fclmesi<\/span><\/p><p style=\"margin: 0cm 0cm 8pt 36pt; line-height: 15.6933px; font-size: 11pt; font-family: Calibri, sans-serif; font-style: normal; font-variant-ligatures: normal; font-variant-caps: normal; font-weight: 400; text-align: start; text-indent: -18pt;\"><span style=\"font-size: 10pt; line-height: 14.2667px; font-family: Symbol;\">\u00b7<span style=\"font: 7pt 'Times New Roman';\">\u00a0\u00a0\u00a0\u00a0\u00a0\u00a0 <\/span><\/span><span style=\"font-size: 10pt; line-height: 14.2667px;\">\u0130leti\u015fim Faaliyetlerinin Y\u00fcr\u00fct\u00fclmesi<\/span><\/p><p style=\"margin: 0cm 0cm 8pt 18pt; line-height: 15.6933px; font-size: 11pt; font-family: Calibri, sans-serif; font-style: normal; font-variant-ligatures: normal; font-variant-caps: normal; font-weight: 400; text-align: start;\"><span style=\"font-size: 10pt; line-height: 14.2667px;\">ama\u00e7lar\u0131yla a\u00e7\u0131k r\u0131zan\u0131za istinaden i\u015flenecektir.<\/span><\/p><p style=\"margin: 0cm 0cm 6pt 36pt; line-height: 16.8667px; font-size: 11pt; font-family: Calibri, sans-serif; font-style: normal; font-variant-ligatures: normal; font-variant-caps: normal; font-weight: 400; text-indent: -18pt;\"><b><span style=\"font-size: 10pt; line-height: 15.3333px;\">4.<span style=\"font: 7pt 'Times New Roman';\">\u00a0\u00a0\u00a0\u00a0 <\/span><\/span><\/b><b><span style=\"font-size: 10pt; line-height: 15.3333px;\">\u0130\u015flenen Ki\u015fisel Verilerin Kimlere ve Hangi Ama\u00e7la Aktar\u0131labilece\u011fi<\/span><\/b><\/p><p style=\"margin: 0cm 0cm 6pt; line-height: 16.8667px; font-size: 11pt; font-family: Calibri, sans-serif; font-style: normal; font-variant-ligatures: normal; font-variant-caps: normal; font-weight: 400;\"><span style=\"font-size: 10pt; line-height: 15.3333px;\">Ticari Elektronik \u0130leti Ayd\u0131nlatma Metni kapsam\u0131nda i\u015flenen ki\u015fisel verileriniz yurt i\u00e7inde aktar\u0131lmamaktad\u0131r.<b><\/b><\/span><\/p><p style=\"margin: 0cm 0cm 6pt 36pt; line-height: 16.8667px; font-size: 11pt; font-family: Calibri, sans-serif; font-style: normal; font-variant-ligatures: normal; font-variant-caps: normal; font-weight: 400; text-indent: -18pt;\"><b><span style=\"font-size: 10pt; line-height: 15.3333px;\">5.<span style=\"font: 7pt 'Times New Roman';\">\u00a0\u00a0\u00a0\u00a0 <\/span><\/span><\/b><b><span style=\"font-size: 10pt; line-height: 15.3333px;\">Yurt d\u0131\u015f\u0131na Aktar\u0131m<\/span><\/b><\/p><p style=\"margin: 0cm 0cm 6pt; line-height: 16.8667px; font-size: 11pt; font-family: Calibri, sans-serif; font-style: normal; font-variant-ligatures: normal; font-variant-caps: normal; font-weight: 400;\"><span style=\"font-size: 10pt; line-height: 15.3333px;\">Ticari Elektronik \u0130leti Ayd\u0131nlatma Metni kapsam\u0131nda i\u015flenen ki\u015fisel verileriniz Google Form arac\u0131l\u0131\u011f\u0131yla toplanmaktad\u0131r. Google sunucular\u0131 yurt d\u0131\u015f\u0131nda bulunmaktad\u0131r. Bu kapsamda ki\u015fisel verileriniz, \u201ca\u00e7\u0131k r\u0131zan\u0131za istinaden\u201d yurt d\u0131\u015f\u0131na aktar\u0131lacakt\u0131r.<\/span><\/p><p style=\"margin: 0cm 0cm 6pt 36pt; line-height: 16.8667px; font-size: 11pt; font-family: Calibri, sans-serif; font-style: normal; font-variant-ligatures: normal; font-variant-caps: normal; font-weight: 400; text-indent: -18pt;\"><b><span style=\"font-size: 10pt; line-height: 15.3333px;\">6.<span style=\"font: 7pt 'Times New Roman';\">\u00a0\u00a0\u00a0\u00a0 <\/span><\/span><\/b><b><span style=\"font-size: 10pt; line-height: 15.3333px;\">Ki\u015fisel Veri Toplaman\u0131n Y\u00f6ntemi ve Hukuki Sebebi<\/span><\/b><\/p><p style=\"margin: 0cm 0cm 8pt; line-height: 15.6933px; font-size: 11pt; font-family: Calibri, sans-serif; font-style: normal; font-variant-ligatures: normal; font-variant-caps: normal; font-weight: 400; text-align: start;\"><span style=\"font-size: 10pt; line-height: 14.2667px;\">Ticari Elektronik \u0130leti Ayd\u0131nlatma Metninde belirtilen ama\u00e7lar\u0131n yerine getirilebilmesi i\u00e7in KVKK\u2019n\u0131n 5 (1) maddesinde d\u00fczenlenen hukuki sebebe dayanarak, internet sitesi \u00fczerinden a\u00e7\u0131k r\u0131zan\u0131za istinaden form doldurulman\u0131z suretiyle elektronik ortamdan elde edilmektedir.<\/span><\/p><p style=\"margin: 0cm 0cm 6pt 36pt; line-height: 16.8667px; font-size: 11pt; font-family: Calibri, sans-serif; font-style: normal; font-variant-ligatures: normal; font-variant-caps: normal; font-weight: 400; text-indent: -18pt;\"><b><span style=\"font-size: 10pt; line-height: 15.3333px;\">7.<span style=\"font: 7pt 'Times New Roman';\">\u00a0\u00a0\u00a0\u00a0 <\/span><\/span><\/b><b><span style=\"font-size: 10pt; line-height: 15.3333px;\">KVKK\u2019n\u0131n 11. Maddesi Kapsam\u0131ndaki Haklar\u0131n\u0131z<\/span><\/b><\/p><p style=\"margin: 0cm; line-height: 16.8667px; font-size: 11pt; font-family: Calibri, sans-serif; font-style: normal; font-variant-ligatures: normal; font-variant-caps: normal; font-weight: 400;\"><span style=\"font-size: 10pt; line-height: 15.3333px;\">KVKK\u2019n\u0131n 11. maddesi kapsam\u0131nda, veri sahibi olarak<b> <\/b>haklar\u0131n\u0131z bulunmakta olup bu haklar\u0131n\u0131z ile ilgili taleplerinizi tercihen web sitemizde yer alan <\/span><u><span style=\"font-size: 10pt; line-height: 15.3333px;\">\u0130lgili Ki\u015fi Ba\u015fvuru <\/span><\/u><u><span style=\"font-size: 10pt; line-height: 15.3333px;\">Formu<\/span><\/u><span style=\"font-size: 10pt; line-height: 15.3333px;\">\u2019nda belirtilen b\u00fct\u00fcn bilgileri doldurmak suretiyle KVKK\u2019n\u0131n 11. maddesi ile 13. maddesinin 1. f\u0131kras\u0131 ve <b><i>Veri Sorumlusuna Ba\u015fvuru Usul ve Esaslar\u0131 Hakk\u0131nda Tebli\u011f<\/i><\/b> gere\u011fince,<\/span><\/p><p style=\"margin: 0cm 0cm 0cm 36pt; line-height: 16.8667px; font-size: 11pt; font-family: Calibri, sans-serif; font-style: normal; font-variant-ligatures: normal; font-variant-caps: normal; font-weight: 400; text-indent: -18pt;\"><span style=\"font-size: 10pt; line-height: 15.3333px; font-family: Symbol;\">\u00b7<span style=\"font: 7pt 'Times New Roman';\">\u00a0\u00a0\u00a0\u00a0\u00a0\u00a0 <\/span><\/span><i><span style=\"font-size: 10pt; line-height: 15.3333px;\">\u201c<\/span><\/i><i><span lang=\"PT\" style=\"font-size: 10pt; line-height: 15.3333px;\">\u0130smet Kaptan Mah. 1371 Sokak No:5 \u0130\u00e7 Kap\u0131 No: Z2 Konak-\u0130zmir<\/span><\/i><i><span style=\"font-size: 10pt; line-height: 15.3333px;\">\u201d <\/span><\/i><span style=\"font-size: 10pt; line-height: 15.3333px;\">adresindeki \u015eirketimize bizzat gelerek,<\/span><\/p><p style=\"margin: 0cm 0cm 0cm 36pt; line-height: 16.8667px; font-size: 11pt; font-family: Calibri, sans-serif; font-style: normal; font-variant-ligatures: normal; font-variant-caps: normal; font-weight: 400; text-indent: -18pt;\"><span style=\"font-size: 10pt; line-height: 15.3333px; font-family: Symbol;\">\u00b7<span style=\"font: 7pt 'Times New Roman';\">\u00a0\u00a0\u00a0\u00a0\u00a0\u00a0 <\/span><\/span><span style=\"font-size: 10pt; line-height: 15.3333px;\">ozelalmandilhizmetleri@hs01.kep.tr \u015feklindeki kay\u0131tl\u0131 elektronik posta (KEP) adresimiz \u00fczerinden,<\/span><\/p><p style=\"margin: 0cm 0cm 0cm 36pt; line-height: 16.8667px; font-size: 11pt; font-family: Calibri, sans-serif; font-style: normal; font-variant-ligatures: normal; font-variant-caps: normal; font-weight: 400; text-indent: -18pt;\"><span style=\"font-size: 10pt; line-height: 15.3333px; font-family: Symbol;\">\u00b7<span style=\"font: 7pt 'Times New Roman';\">\u00a0\u00a0\u00a0\u00a0\u00a0\u00a0 <\/span><\/span><span style=\"font-size: 10pt; line-height: 15.3333px;\">kimli\u011finizi tespit edebilmek ve yanl\u0131\u015f ki\u015filere bilgi vermemek ad\u0131na yaz\u0131l\u0131 olarak noter arac\u0131l\u0131\u011f\u0131 ile veya iadeli taahh\u00fctl\u00fc mektup ile,<\/span><\/p><p style=\"margin: 0cm 0cm 0cm 36pt; line-height: 16.8667px; font-size: 11pt; font-family: Calibri, sans-serif; font-style: normal; font-variant-ligatures: normal; font-variant-caps: normal; font-weight: 400; text-indent: -18pt;\"><span style=\"font-size: 10pt; line-height: 15.3333px; font-family: Symbol;\">\u00b7<span style=\"font: 7pt 'Times New Roman';\">\u00a0\u00a0\u00a0\u00a0\u00a0\u00a0 <\/span><\/span><span style=\"font-size: 10pt; line-height: 15.3333px;\">\u00a0(varsa) taraf\u0131n\u0131zca daha \u00f6nce \u015eirketimize bildirilen ve sistemlerimizde kay\u0131tl\u0131 bulunan elektronik posta adresini kullanmak suretiyle <\/span><a style=\"color: #0563c1; text-decoration-line: underline;\" href=\"mailto:kvkk@das-akademie.de\"><span style=\"font-size: 10pt; line-height: 15.3333px;\">kvkk@das-akademie.de<\/span><\/a><span style=\"font-size: 10pt; line-height: 15.3333px;\"> adresine elektronik posta g\u00f6ndererek<\/span><\/p><p style=\"margin: 0cm 0cm 0cm 18pt; line-height: 16.8667px; font-size: 11pt; font-family: Calibri, sans-serif; font-style: normal; font-variant-ligatures: normal; font-variant-caps: normal; font-weight: 400;\"><span style=\"font-size: 10pt; line-height: 15.3333px;\">veya gelecekte Kurul\u2019un belirleyece\u011fi di\u011fer y\u00f6ntemlerle iletebilirsiniz.<\/span><\/p><p style=\"margin: 0cm 0cm 8pt; line-height: 15.6933px; font-size: 11pt; font-family: Calibri, sans-serif; font-style: normal; font-variant-ligatures: normal; font-variant-caps: normal; font-weight: 400; text-align: start;\"><span style=\"font-size: 10pt; line-height: 14.2667px;\">\u00a0<\/span><\/p><p style=\"margin: 0cm 0cm 8pt; line-height: 15.6933px; font-size: 11pt; font-family: Calibri, sans-serif; font-style: normal; font-variant-ligatures: normal; font-variant-caps: normal; font-weight: 400; text-align: start;\"><span style=\"font-size: 10pt; line-height: 14.2667px;\">\u00a0<\/span><\/p><p style=\"margin: 0cm 0cm 8pt; line-height: 15.6933px; font-size: 11pt; font-family: Calibri, sans-serif; font-style: normal; font-variant-ligatures: normal; font-variant-caps: normal; font-weight: 400; text-align: start;\">\u00a0<\/p><p style=\"margin: 0cm 0cm 8pt; line-height: 15.6933px; font-size: 11pt; font-family: Calibri, sans-serif; font-style: normal; font-variant-ligatures: normal; font-variant-caps: normal; font-weight: 400; text-align: start;\"><span style=\"font-size: 10pt; line-height: 14.2667px;\">\u00a0<\/span><\/p><p style=\"margin: 0cm 0cm 8pt; line-height: 15.6933px; font-size: 11pt; font-family: Calibri, sans-serif; font-style: normal; font-variant-ligatures: normal; font-variant-caps: normal; font-weight: 400; text-align: start;\"><span style=\"font-size: 10pt; line-height: 14.2667px;\">\u00a0<\/span><\/p><h2 style=\"margin: 0cm 0cm 8pt; line-height: 15.6933px; font-size: 11pt; font-family: Calibri, sans-serif; font-style: normal; font-variant-ligatures: normal; font-variant-caps: normal; font-weight: 400; text-align: center;\" align=\"center\"><b><span style=\"font-size: 10pt; line-height: 14.2667px; font-family: 'Times New Roman', serif;\">\u00d6ZEL ALMAN D\u0130L H\u0130Z. E\u011eT. TER. T\u0130C. A.\u015e. <\/span><\/b><b><span style=\"font-size: 10pt; line-height: 14.2667px; font-family: 'Times New Roman', serif;\">6698 SAYILI K\u0130\u015e\u0130SEL VER\u0130LER\u0130N KORUNMASI KANUNU KAPSAMINDA <\/span><\/b><b><span style=\"font-size: 10pt; line-height: 14.2667px; font-family: 'Times New Roman', serif;\">DAS AKADEMIE KURS\u0130YER-\u00d6\u011eRENC\u0130 ELEKTRON\u0130K \u0130LET\u0130 A\u00c7IK RIZA METN\u0130<\/span><\/b><\/h2><p style=\"margin: 0cm; line-height: normal; font-size: 11pt; font-family: Calibri, sans-serif; font-style: normal; font-variant-ligatures: normal; font-variant-caps: normal; font-weight: 400;\"><b><span style=\"font-size: 10pt; font-family: 'Times New Roman', serif;\">\u00a0<\/span><\/b><\/p><p style=\"margin: 0cm; line-height: normal; font-size: 11pt; font-family: Calibri, sans-serif; font-style: normal; font-variant-ligatures: normal; font-variant-caps: normal; font-weight: 400;\"><span style=\"font-size: 10pt; font-family: 'Times New Roman', serif;\">\u015eirket\u2019e iletti\u011fim ileti\u015fim bilgilerime <u>Kursiyer- \u00d6\u011frenci <\/u><\/span><u><span style=\"color: #202124; background-image: initial; background-position: initial; background-size: initial; background-repeat: initial; background-attachment: initial; background-origin: initial; background-clip: initial;\">Ticari Elektronik<\/span><\/u><u><span style=\"font-size: 10pt; font-family: 'Times New Roman', serif;\"> Ayd\u0131nlatma Metni <\/span><\/u><span style=\"font-size: 10pt; font-family: 'Times New Roman', serif;\">kapsam\u0131nda, a\u015fa\u011f\u0131daki ama\u00e7lar do\u011frultusunda ileti g\u00f6nderilmesine i\u015fbu a\u00e7\u0131k r\u0131za metni ile onay veriyorum:\u00a0<\/span><\/p><p style=\"margin: 0cm; line-height: normal; font-size: 11pt; font-family: Calibri, sans-serif; font-style: normal; font-variant-ligatures: normal; font-variant-caps: normal; font-weight: 400;\"><span style=\"font-size: 10pt; font-family: 'Times New Roman', serif;\">\u00a0<\/span><\/p><table style=\"margin-left: -7.35pt; border-width: initial; border-style: none;\" border=\"1\" cellspacing=\"0\" cellpadding=\"0\"><tbody><tr style=\"height: 53.25pt;\"><td style=\"width: 233.9pt; border-width: 1pt; border-top-style: solid; border-right-style: solid; border-left-style: solid; border-color: black; padding: 0cm 5.4pt; height: 53.25pt;\" valign=\"top\" width=\"312\"><p style=\"margin: 0cm; line-height: normal; font-size: 11pt; font-family: Calibri, sans-serif; text-align: center;\" align=\"center\"><span style=\"color: #202124; background-image: initial; background-position: initial; background-size: initial; background-repeat: initial; background-attachment: initial; background-origin: initial; background-clip: initial;\">6698 say\u0131l\u0131 Ki\u015fisel Verilerin Korunmas\u0131 kanunu,6563 say\u0131l\u0131 Elektronik Ticaretin D\u00fczenlenmesi Hakk\u0131nda Kanun ve Ticari Elektronik Ayd\u0131nlatma Metni kapsam\u0131nda taraf\u0131ma ticari elektronik ileti g\u00f6nderilmesine onay veriyorum.<\/span><\/p><p style=\"margin: 0cm; line-height: normal; font-size: 11pt; font-family: Calibri, sans-serif; text-align: center;\" align=\"center\"><span style=\"font-size: 10pt; font-family: 'Times New Roman', serif;\">\u00a0<\/span><\/p><\/td><td style=\"width: 148.85pt; border-top: 1pt solid black; border-right: 1pt solid black; border-bottom-width: 1pt; border-bottom-color: black; border-left-width: initial; border-left-style: none; padding: 0cm 5.4pt; height: 53.25pt;\" valign=\"top\" width=\"198\"><p style=\"margin: 0cm; line-height: normal; font-size: 11pt; font-family: Calibri, sans-serif; text-align: center;\" align=\"center\"><img decoding=\"async\" src=\"file:\/\/\/\/Users\/uemitgunel\/Library\/Group%20Containers\/UBF8T346G9.Office\/TemporaryItems\/msohtmlclip\/clip_image001.png\" width=\"17\" height=\"15\" align=\"left\" hspace=\"12\" alt=\"\" title=\"\"><span style=\"font-size: 10pt; font-family: 'Times New Roman', serif;\">Evet\u00a0\u00a0\u00a0\u00a0\u00a0\u00a0\u00a0\u00a0\u00a0\u00a0\u00a0\u00a0 Hay\u0131r<\/span><\/p><\/td><\/tr><\/tbody><\/table><p style=\"margin: 0cm; line-height: normal; font-size: 11pt; font-family: Calibri, sans-serif; font-style: normal; font-variant-ligatures: normal; font-variant-caps: normal; font-weight: 400; text-align: center;\" align=\"center\"><span style=\"font-size: 10pt; font-family: 'Times New Roman', serif;\">\u00a0<\/span><\/p><p style=\"margin: 0cm; line-height: normal; font-size: 11pt; font-family: Calibri, sans-serif; font-style: normal; font-variant-ligatures: normal; font-variant-caps: normal; font-weight: 400; text-align: center;\" align=\"center\"><span style=\"font-size: 10pt; font-family: 'Segoe UI', sans-serif;\">\u00a0<\/span><\/p><p style=\"margin: 0cm; line-height: normal; font-size: 11pt; font-family: Calibri, sans-serif; font-style: normal; font-variant-ligatures: normal; font-variant-caps: normal; font-weight: 400;\"><i><span style=\"font-size: 10pt; font-family: 'Times New Roman', serif;\">*Yukar\u0131daki durumlara ili\u015fkin tercihiz, \u015eirketimiz ile mevcut i\u015f ili\u015fkinizi hi\u00e7bir \u015fekilde etkilemeyecektir.\u00a0<\/span><\/i><span style=\"font-size: 10pt; font-family: 'Times New Roman', serif;\">\u00a0<\/span><\/p><p style=\"margin: 0cm; line-height: normal; font-size: 11pt; font-family: Calibri, sans-serif; font-style: normal; font-variant-ligatures: normal; font-variant-caps: normal; font-weight: 400;\"><span style=\"font-size: 10pt; font-family: 'Segoe UI', sans-serif;\">\u00a0<\/span><\/p><table border=\"1\" width=\"0\" cellspacing=\"0\" cellpadding=\"0\"><tbody><tr style=\"height: 15pt;\"><td style=\"width: 70.5pt; border-width: initial; border-style: none; border-bottom-color: initial; padding: 0cm; height: 15pt;\" valign=\"top\" width=\"94\"><p style=\"margin: 0cm; line-height: normal; font-size: 11pt; font-family: Calibri, sans-serif; text-align: justify;\"><b><span style=\"font-size: 10pt; font-family: 'Times New Roman', serif;\">Ad\u0131-Soyad\u0131<\/span><\/b><span style=\"font-size: 10pt; font-family: 'Times New Roman', serif;\">\u00a0<\/span><\/p><p style=\"margin: 0cm; line-height: normal; font-size: 11pt; font-family: Calibri, sans-serif; text-align: justify;\"><span style=\"font-size: 10pt; font-family: 'Times New Roman', serif;\">\u00a0<\/span><\/p><\/td><td style=\"width: 21pt; border-width: initial; border-style: none; border-bottom-color: initial; padding: 0cm; height: 15pt;\" valign=\"top\" width=\"28\"><p style=\"margin: 0cm; line-height: normal; font-size: 11pt; font-family: Calibri, sans-serif; text-align: justify;\"><b><span style=\"font-size: 10pt; font-family: 'Times New Roman', serif;\">:<\/span><\/b><span style=\"font-size: 10pt; font-family: 'Times New Roman', serif;\">\u00a0<\/span><\/p><\/td><td style=\"width: 360.75pt; border-width: initial; border-style: none; border-bottom-color: initial; padding: 0cm; height: 15pt;\" valign=\"top\" width=\"481\"><p style=\"margin: 0cm; line-height: normal; font-size: 11pt; font-family: Calibri, sans-serif; text-align: justify;\"><span style=\"font-size: 10pt; font-family: 'Times New Roman', serif;\">\u00a0<\/span><\/p><p style=\"margin: 0cm; line-height: normal; font-size: 11pt; font-family: Calibri, sans-serif; text-align: justify;\"><span style=\"font-size: 10pt; font-family: 'Times New Roman', serif;\">\u00a0<\/span><\/p><\/td><\/tr><tr style=\"height: 15pt;\"><td style=\"width: 70.5pt; border-width: initial; border-style: none; border-bottom-color: initial; padding: 0cm; height: 15pt;\" valign=\"top\" width=\"94\"><p style=\"margin: 0cm; line-height: normal; font-size: 11pt; font-family: Calibri, sans-serif; text-align: justify;\"><b><span style=\"font-size: 10pt; font-family: 'Times New Roman', serif;\">Tarih<\/span><\/b><span style=\"font-size: 10pt; font-family: 'Times New Roman', serif;\">\u00a0<\/span><\/p><p style=\"margin: 0cm; line-height: normal; font-size: 11pt; font-family: Calibri, sans-serif; text-align: justify;\"><span style=\"font-size: 10pt; font-family: 'Times New Roman', serif;\">\u00a0<\/span><\/p><\/td><td style=\"width: 21pt; border-width: initial; border-style: none; border-bottom-color: initial; padding: 0cm; height: 15pt;\" valign=\"top\" width=\"28\"><p style=\"margin: 0cm; line-height: normal; font-size: 11pt; font-family: Calibri, sans-serif; text-align: justify;\"><b><span style=\"font-size: 10pt; font-family: 'Times New Roman', serif;\">:<\/span><\/b><span style=\"font-size: 10pt; font-family: 'Times New Roman', serif;\">\u00a0<\/span><\/p><\/td><td style=\"width: 360.75pt; border-width: initial; border-style: none; border-bottom-color: initial; padding: 0cm; height: 15pt;\" valign=\"top\" width=\"481\"><p style=\"margin: 0cm; line-height: normal; font-size: 11pt; font-family: Calibri, sans-serif; text-align: justify;\"><span style=\"font-size: 10pt; font-family: 'Times New Roman', serif;\">\u00a0<\/span><\/p><\/td><\/tr><tr style=\"height: 15pt;\"><td style=\"width: 70.5pt; border-width: initial; border-style: none; border-bottom-color: initial; padding: 0cm; height: 15pt;\" valign=\"top\" width=\"94\"><p style=\"margin: 0cm; line-height: normal; font-size: 11pt; font-family: Calibri, sans-serif; text-align: justify;\"><b><span style=\"font-size: 10pt; font-family: 'Times New Roman', serif;\">\u0130mza<\/span><\/b><span style=\"font-size: 10pt; font-family: 'Times New Roman', serif;\">\u00a0<\/span><\/p><p style=\"margin: 0cm; line-height: normal; font-size: 11pt; font-family: Calibri, sans-serif; text-align: justify;\"><span style=\"font-size: 10pt; font-family: 'Times New Roman', serif;\">\u00a0<\/span><\/p><p style=\"margin: 0cm; line-height: normal; font-size: 11pt; font-family: Calibri, sans-serif; text-align: justify;\"><span style=\"font-size: 10pt; font-family: 'Times New Roman', serif;\">\u00a0<\/span><\/p><\/td><td style=\"width: 21pt; border-width: initial; border-style: none; border-bottom-color: initial; padding: 0cm; height: 15pt;\" valign=\"top\" width=\"28\"><p style=\"margin: 0cm; line-height: normal; font-size: 11pt; font-family: Calibri, sans-serif; text-align: justify;\"><b><span style=\"font-size: 10pt; font-family: 'Times New Roman', serif;\">:<\/span><\/b><span style=\"font-size: 10pt; font-family: 'Times New Roman', serif;\">\u00a0<\/span><\/p><\/td><td style=\"width: 360.75pt; border-width: initial; border-style: none; border-bottom-color: initial; padding: 0cm; height: 15pt;\" valign=\"top\" width=\"481\"><p style=\"margin: 0cm; line-height: normal; font-size: 11pt; font-family: Calibri, sans-serif; text-align: justify;\"><span style=\"font-size: 10pt; font-family: 'Times New Roman', serif;\">\u00a0<\/span><\/p><\/td><\/tr><\/tbody><\/table><p style=\"margin: 0cm 0cm 8pt; line-height: 15.6933px; font-size: 11pt; font-family: Calibri, sans-serif; font-style: normal; font-variant-ligatures: normal; font-variant-caps: normal; font-weight: 400; text-align: start;\"><span style=\"font-size: 10pt; line-height: 14.2667px;\">\u00a0<\/span><\/p><p style=\"margin: 0cm 0cm 8pt; line-height: 15.6933px; font-size: 11pt; font-family: Calibri, sans-serif; font-style: normal; font-variant-ligatures: normal; font-variant-caps: normal; font-weight: 400; text-align: start;\"><span style=\"font-size: 10pt; line-height: 14.2667px;\">\u00a0<\/span><\/p><p style=\"margin: 0cm 0cm 8pt; line-height: 15.6933px; font-size: 11pt; font-family: Calibri, sans-serif; font-style: normal; font-variant-ligatures: normal; font-variant-caps: normal; font-weight: 400; text-align: start;\"><span style=\"font-size: 10pt; line-height: 14.2667px;\">\u00a0<\/span><\/p><\/div>\t\t\t\t\t\t\t\t<\/div>\n\t\t\t\t<\/div>\n\t\t\t\t\t<\/div>\n\t\t<\/div>\n\t\t\t\t\t<\/div>\n\t\t<\/section>\n\t\t\t\t<section data-particle_enable=\"false\" data-particle-mobile-disabled=\"false\" class=\"elementor-section elementor-top-section elementor-element elementor-element-7c1d3976 elementor-section-content-middle elementor-section-full_width elementor-section-height-min-height elementor-section-height-default elementor-section-items-middle wpr-particle-no wpr-jarallax-no wpr-parallax-no wpr-sticky-section-no\" data-id=\"7c1d3976\" data-element_type=\"section\" data-e-type=\"section\" data-settings=\"{&quot;background_background&quot;:&quot;classic&quot;}\">\n\t\t\t\t\t\t<div class=\"elementor-container elementor-column-gap-default\">\n\t\t\t\t\t<div class=\"elementor-column elementor-col-100 elementor-top-column elementor-element elementor-element-61cc05e9\" data-id=\"61cc05e9\" data-element_type=\"column\" data-e-type=\"column\">\n\t\t\t<div class=\"elementor-widget-wrap elementor-element-populated\">\n\t\t\t\t\t\t<section data-particle_enable=\"false\" data-particle-mobile-disabled=\"false\" class=\"elementor-section elementor-inner-section elementor-element elementor-element-336b527e elementor-section-full_width elementor-section-content-space-evenly elementor-section-height-default elementor-section-height-default wpr-particle-no wpr-jarallax-no wpr-parallax-no wpr-sticky-section-no\" data-id=\"336b527e\" data-element_type=\"section\" data-e-type=\"section\">\n\t\t\t\t\t\t<div class=\"elementor-container elementor-column-gap-no\">\n\t\t\t\t\t<div class=\"elementor-column elementor-col-50 elementor-inner-column elementor-element elementor-element-468a43b7\" data-id=\"468a43b7\" data-element_type=\"column\" data-e-type=\"column\">\n\t\t\t<div class=\"elementor-widget-wrap elementor-element-populated\">\n\t\t\t\t\t\t<section data-particle_enable=\"false\" data-particle-mobile-disabled=\"false\" class=\"elementor-section elementor-inner-section elementor-element elementor-element-65b400b4 elementor-section-full_width elementor-section-height-default elementor-section-height-default wpr-particle-no wpr-jarallax-no wpr-parallax-no wpr-sticky-section-no\" data-id=\"65b400b4\" data-element_type=\"section\" data-e-type=\"section\">\n\t\t\t\t\t\t<div class=\"elementor-container elementor-column-gap-default\">\n\t\t\t\t\t<div class=\"elementor-column elementor-col-50 elementor-inner-column elementor-element elementor-element-5d31af28\" data-id=\"5d31af28\" data-element_type=\"column\" data-e-type=\"column\">\n\t\t\t<div class=\"elementor-widget-wrap elementor-element-populated\">\n\t\t\t\t\t\t<section data-particle_enable=\"false\" data-particle-mobile-disabled=\"false\" class=\"elementor-section elementor-inner-section elementor-element elementor-element-1d8345ca elementor-section-full_width elementor-section-height-default elementor-section-height-default wpr-particle-no wpr-jarallax-no wpr-parallax-no wpr-sticky-section-no\" data-id=\"1d8345ca\" data-element_type=\"section\" data-e-type=\"section\">\n\t\t\t\t\t\t<div class=\"elementor-container elementor-column-gap-default\">\n\t\t\t\t\t<div class=\"elementor-column elementor-col-50 elementor-inner-column elementor-element elementor-element-4454f407\" data-id=\"4454f407\" data-element_type=\"column\" data-e-type=\"column\">\n\t\t\t<div class=\"elementor-widget-wrap elementor-element-populated\">\n\t\t\t\t\t\t<div class=\"elementor-element elementor-element-b0abadb elementor-widget elementor-widget-text-editor\" data-id=\"b0abadb\" data-element_type=\"widget\" data-e-type=\"widget\" data-widget_type=\"text-editor.default\">\n\t\t\t\t<div class=\"elementor-widget-container\">\n\t\t\t\t\t\t\t\t\t<p><a href=\"https:\/\/tr.dasakademie.com\/tr\/kullanim-sartlari\/\" target=\"_blank\" rel=\"noopener\">Kullan\u0131m \u015eartlar\u0131<\/a><\/p>\t\t\t\t\t\t\t\t<\/div>\n\t\t\t\t<\/div>\n\t\t\t\t\t<\/div>\n\t\t<\/div>\n\t\t\t\t<div class=\"elementor-column elementor-col-50 elementor-inner-column elementor-element elementor-element-4c1ea260\" data-id=\"4c1ea260\" data-element_type=\"column\" data-e-type=\"column\">\n\t\t\t<div class=\"elementor-widget-wrap elementor-element-populated\">\n\t\t\t\t\t\t<div class=\"elementor-element elementor-element-11c4ccdc elementor-widget elementor-widget-text-editor\" data-id=\"11c4ccdc\" data-element_type=\"widget\" data-e-type=\"widget\" data-widget_type=\"text-editor.default\">\n\t\t\t\t<div class=\"elementor-widget-container\">\n\t\t\t\t\t\t\t\t\t<p><a href=\"https:\/\/tr.dasakademie.com\/tr\/gizlilik-bildirimi\/\" target=\"_blank\" rel=\"noopener\">Gizlilik Bildirimi<\/a><\/p>\t\t\t\t\t\t\t\t<\/div>\n\t\t\t\t<\/div>\n\t\t\t\t\t<\/div>\n\t\t<\/div>\n\t\t\t\t\t<\/div>\n\t\t<\/section>\n\t\t\t\t\t<\/div>\n\t\t<\/div>\n\t\t\t\t<div class=\"elementor-column elementor-col-50 elementor-inner-column elementor-element elementor-element-5bfcac65\" data-id=\"5bfcac65\" data-element_type=\"column\" data-e-type=\"column\">\n\t\t\t<div class=\"elementor-widget-wrap elementor-element-populated\">\n\t\t\t\t\t\t<section data-particle_enable=\"false\" data-particle-mobile-disabled=\"false\" class=\"elementor-section elementor-inner-section elementor-element elementor-element-6274daf9 elementor-section-full_width elementor-section-height-default elementor-section-height-default wpr-particle-no wpr-jarallax-no wpr-parallax-no wpr-sticky-section-no\" data-id=\"6274daf9\" data-element_type=\"section\" data-e-type=\"section\">\n\t\t\t\t\t\t<div class=\"elementor-container elementor-column-gap-default\">\n\t\t\t\t\t<div class=\"elementor-column elementor-col-50 elementor-inner-column elementor-element elementor-element-6d5d6c7f\" data-id=\"6d5d6c7f\" data-element_type=\"column\" data-e-type=\"column\">\n\t\t\t<div class=\"elementor-widget-wrap elementor-element-populated\">\n\t\t\t\t\t\t<div class=\"elementor-element elementor-element-1ef0525e elementor-widget elementor-widget-text-editor\" data-id=\"1ef0525e\" data-element_type=\"widget\" data-e-type=\"widget\" data-widget_type=\"text-editor.default\">\n\t\t\t\t<div class=\"elementor-widget-container\">\n\t\t\t\t\t\t\t\t\t<p><a href=\"https:\/\/tr.dasakademie.com\/tr\/cerez-politikasi\/\" target=\"_blank\" rel=\"noopener\">\u00c7erez Politikas\u0131<\/a><\/p>\t\t\t\t\t\t\t\t<\/div>\n\t\t\t\t<\/div>\n\t\t\t\t\t<\/div>\n\t\t<\/div>\n\t\t\t\t<div class=\"elementor-column elementor-col-50 elementor-inner-column elementor-element elementor-element-6925be8b\" data-id=\"6925be8b\" data-element_type=\"column\" data-e-type=\"column\">\n\t\t\t<div class=\"elementor-widget-wrap elementor-element-populated\">\n\t\t\t\t\t\t<div class=\"elementor-element elementor-element-63474ff5 elementor-widget elementor-widget-text-editor\" data-id=\"63474ff5\" data-element_type=\"widget\" data-e-type=\"widget\" data-widget_type=\"text-editor.default\">\n\t\t\t\t<div class=\"elementor-widget-container\">\n\t\t\t\t\t\t\t\t\t<p><a href=\"https:\/\/tr.dasakademie.com\/tr\/aydinlatma-metinleri\/\" target=\"_blank\" rel=\"noopener\">Ayd\u0131nlatma Metinleri<\/a><\/p>\t\t\t\t\t\t\t\t<\/div>\n\t\t\t\t<\/div>\n\t\t\t\t\t<\/div>\n\t\t<\/div>\n\t\t\t\t\t<\/div>\n\t\t<\/section>\n\t\t\t\t\t<\/div>\n\t\t<\/div>\n\t\t\t\t\t<\/div>\n\t\t<\/section>\n\t\t\t\t\t<\/div>\n\t\t<\/div>\n\t\t\t\t<div class=\"elementor-column elementor-col-50 elementor-inner-column elementor-element elementor-element-160618eb\" data-id=\"160618eb\" data-element_type=\"column\" data-e-type=\"column\">\n\t\t\t<div class=\"elementor-widget-wrap elementor-element-populated\">\n\t\t\t\t\t\t<section data-particle_enable=\"false\" data-particle-mobile-disabled=\"false\" class=\"elementor-section elementor-inner-section elementor-element elementor-element-76399ec0 elementor-section-full_width elementor-section-height-default elementor-section-height-default wpr-particle-no wpr-jarallax-no wpr-parallax-no wpr-sticky-section-no\" data-id=\"76399ec0\" data-element_type=\"section\" data-e-type=\"section\">\n\t\t\t\t\t\t<div class=\"elementor-container elementor-column-gap-default\">\n\t\t\t\t\t<div class=\"elementor-column elementor-col-50 elementor-inner-column elementor-element elementor-element-2ac488b\" data-id=\"2ac488b\" data-element_type=\"column\" data-e-type=\"column\">\n\t\t\t<div class=\"elementor-widget-wrap elementor-element-populated\">\n\t\t\t\t\t\t<section data-particle_enable=\"false\" data-particle-mobile-disabled=\"false\" class=\"elementor-section elementor-inner-section elementor-element elementor-element-5b237c72 elementor-section-full_width elementor-section-height-default elementor-section-height-default wpr-particle-no wpr-jarallax-no wpr-parallax-no wpr-sticky-section-no\" data-id=\"5b237c72\" data-element_type=\"section\" data-e-type=\"section\">\n\t\t\t\t\t\t<div class=\"elementor-container elementor-column-gap-default\">\n\t\t\t\t\t<div class=\"elementor-column elementor-col-50 elementor-inner-column elementor-element elementor-element-5be914ab\" data-id=\"5be914ab\" data-element_type=\"column\" data-e-type=\"column\">\n\t\t\t<div class=\"elementor-widget-wrap elementor-element-populated\">\n\t\t\t\t\t\t<div class=\"elementor-element elementor-element-847ff63 elementor-widget__width-initial elementor-widget elementor-widget-text-editor\" data-id=\"847ff63\" data-element_type=\"widget\" data-e-type=\"widget\" data-widget_type=\"text-editor.default\">\n\t\t\t\t<div class=\"elementor-widget-container\">\n\t\t\t\t\t\t\t\t\t<p><a href=\"https:\/\/tr.dasakademie.com\/tr\/ilgili-kisi-basvuru-formu\/\" target=\"_blank\" rel=\"noopener\">\u0130lgili Ki\u015fi Ba\u015fvuru Formu<\/a><\/p>\t\t\t\t\t\t\t\t<\/div>\n\t\t\t\t<\/div>\n\t\t\t\t\t<\/div>\n\t\t<\/div>\n\t\t\t\t<div class=\"elementor-column elementor-col-50 elementor-inner-column elementor-element elementor-element-6fef2e37\" data-id=\"6fef2e37\" data-element_type=\"column\" data-e-type=\"column\">\n\t\t\t<div class=\"elementor-widget-wrap elementor-element-populated\">\n\t\t\t\t\t\t<div class=\"elementor-element elementor-element-411ad02b elementor-widget elementor-widget-text-editor\" data-id=\"411ad02b\" data-element_type=\"widget\" data-e-type=\"widget\" data-widget_type=\"text-editor.default\">\n\t\t\t\t<div class=\"elementor-widget-container\">\n\t\t\t\t\t\t\t\t\t<p><a href=\"https:\/\/tr.dasakademie.com\/tr\/kvkk-aciklama\/\" target=\"_blank\" rel=\"noopener\">KVKK A\u00e7\u0131klama<\/a><\/p>\t\t\t\t\t\t\t\t<\/div>\n\t\t\t\t<\/div>\n\t\t\t\t\t<\/div>\n\t\t<\/div>\n\t\t\t\t\t<\/div>\n\t\t<\/section>\n\t\t\t\t\t<\/div>\n\t\t<\/div>\n\t\t\t\t<div class=\"elementor-column elementor-col-50 elementor-inner-column elementor-element elementor-element-272ddd33\" data-id=\"272ddd33\" data-element_type=\"column\" data-e-type=\"column\">\n\t\t\t<div class=\"elementor-widget-wrap elementor-element-populated\">\n\t\t\t\t\t\t<section data-particle_enable=\"false\" data-particle-mobile-disabled=\"false\" class=\"elementor-section elementor-inner-section elementor-element elementor-element-790d3b4b elementor-section-full_width elementor-section-height-default elementor-section-height-default wpr-particle-no wpr-jarallax-no wpr-parallax-no wpr-sticky-section-no\" data-id=\"790d3b4b\" data-element_type=\"section\" data-e-type=\"section\">\n\t\t\t\t\t\t<div class=\"elementor-container elementor-column-gap-default\">\n\t\t\t\t\t<div class=\"elementor-column elementor-col-50 elementor-inner-column elementor-element elementor-element-168fe570\" data-id=\"168fe570\" data-element_type=\"column\" data-e-type=\"column\">\n\t\t\t<div class=\"elementor-widget-wrap elementor-element-populated\">\n\t\t\t\t\t\t<div class=\"elementor-element elementor-element-4edcb1f6 elementor-widget elementor-widget-text-editor\" data-id=\"4edcb1f6\" data-element_type=\"widget\" data-e-type=\"widget\" data-widget_type=\"text-editor.default\">\n\t\t\t\t<div class=\"elementor-widget-container\">\n\t\t\t\t\t\t\t\t\t<p><a href=\"https:\/\/tr.dasakademie.com\/tr\/iletisim\/\" target=\"_blank\" rel=\"noopener\">\u0130leti\u015fim Bilgileri<\/a><\/p>\t\t\t\t\t\t\t\t<\/div>\n\t\t\t\t<\/div>\n\t\t\t\t\t<\/div>\n\t\t<\/div>\n\t\t\t\t<div class=\"elementor-column elementor-col-50 elementor-inner-column elementor-element elementor-element-7fad7f54\" data-id=\"7fad7f54\" data-element_type=\"column\" data-e-type=\"column\">\n\t\t\t<div class=\"elementor-widget-wrap elementor-element-populated\">\n\t\t\t\t\t\t<div class=\"elementor-element elementor-element-176a824a elementor-widget elementor-widget-text-editor\" data-id=\"176a824a\" data-element_type=\"widget\" data-e-type=\"widget\" data-widget_type=\"text-editor.default\">\n\t\t\t\t<div class=\"elementor-widget-container\">\n\t\t\t\t\t\t\t\t\t<p><a href=\"http:\/\/de.dasakademie.com\" target=\"_blank\" rel=\"noopener\">DAS AKADEMIE GLOBAL<\/a><\/p>\t\t\t\t\t\t\t\t<\/div>\n\t\t\t\t<\/div>\n\t\t\t\t\t<\/div>\n\t\t<\/div>\n\t\t\t\t\t<\/div>\n\t\t<\/section>\n\t\t\t\t\t<\/div>\n\t\t<\/div>\n\t\t\t\t\t<\/div>\n\t\t<\/section>\n\t\t\t\t\t<\/div>\n\t\t<\/div>\n\t\t\t\t\t<\/div>\n\t\t<\/section>\n\t\t\t\t\t<\/div>\n\t\t<\/div>\n\t\t\t\t\t<\/div>\n\t\t<\/section>\n\t\t\t\t<\/div>\n\t\t","protected":false},"excerpt":{"rendered":"<p>AYDINLATMA METN\u0130 \u00d6ZEL ALMAN D\u0130L H\u0130Z. E\u011eT. TER. T\u0130C. A.\u015e. 6698 SAYILI K\u0130\u015e\u0130SEL VER\u0130LER\u0130N KORUNMASI KANUNU KAPSAMINDA DAS AKADEMIE \u0130NTERNET S\u0130TES\u0130 AYDINLATMA METN\u0130 Son G\u00fcncelleme: 27.01.2023 \u00d6ZEL ALMAN D\u0130L H\u0130Z. E\u011eT. TER. T\u0130C. A.\u015e. (Bundan sonra &#8220;\u015eirket&#8221; olarak an\u0131lacakt\u0131r) olarak; ki\u015fisel verilerinizin gizlili\u011fi ve g\u00fcvenli\u011fi en \u00f6nemli \u00f6nceliklerimiz aras\u0131ndad\u0131r. Bu kapsamda 6698 say\u0131l\u0131 Ki\u015fisel Verilerin Korunmas\u0131 Kanunu\u2019nun (Bundan sonra &#8220;KVKK&#8221; olarak an\u0131lacakt\u0131r) 10. maddesinden do\u011fan ayd\u0131nlatma y\u00fck\u00fcml\u00fcl\u00fc\u011f\u00fcm\u00fcz\u00fc yerine getirmek amac\u0131yla taraf\u0131m\u0131zca i\u015flenmekte olan ki\u015fisel verilerinizin kullan\u0131m\u0131 ve korunmas\u0131 hakk\u0131nda sizleri bilgilendirmek isteriz. 1. Veri Sorumlusunun Kimli\u011fi: \u0130nternet Sitesi Ayd\u0131nlatma Metni\u2019nde belirtilmi\u015f olan bilgiler ve i\u015fbu ki\u015fisel verilerin i\u015flenmesinde \u00d6ZEL ALMAN D\u0130L H\u0130Z. E\u011eT. TER. T\u0130C. A.\u015e. olarak 6698 say\u0131l\u0131 Ki\u015fisel Verilerin Korunmas\u0131 Kanunu ve ilgili sair mevzuat kapsam\u0131nda, veri sorumlusu s\u0131fat\u0131 ile i\u015fledi\u011fimizi taraf\u0131n\u0131za bildiriyoruz. Veri Sorumlusu: \u00d6ZEL ALMAN D\u0130L H\u0130Z. E\u011eT. TER. T\u0130C. A.\u015e. Veri Sorumlusunun Adresi: \u0130smet Kaptan Mah. 1371 Sokak No:5 \u0130\u00e7 Kap\u0131 No: Z2 Konak-\u0130zmir \u0130leti\u015fim Kanal\u0131 kvkk@das-akademie.de 2. \u0130\u015flenen Ki\u015fisel Veriler: \u0130nternet Sitesi Ayd\u0131nlatma Meni, https:\/\/www.das-akademie.com\/tr\/ adresinde yer alan\u00a0\u201c\u0130leti\u015fim\u201d b\u00f6l\u00fcmlerindeki formlar\u0131 dolduran ilgili ki\u015filerin ve ziyaret\u00e7ilerin ki\u015fisel verilerini konu edinmektedir. KVKK ve ilgili sair mevzuata uygun olarak i\u015fbu \u0130nternet Sitesi Ayd\u0131nlatma Metni\u2019nde belirtilen ama\u00e7lar ve hukuki sebepler kapsam\u0131nda i\u015flenecek ki\u015fisel veri kategori ve a\u00e7\u0131klamalar\u0131 a\u015fa\u011f\u0131daki gibidir: Ki\u015fisel Veri Kategorisi Ki\u015fisel Veri Kimlik Ad\u0131-soyad\u0131 \u0130leti\u015fim Telefon numaras\u0131, e-posta adresi M\u00fc\u015fteri \u0130\u015flem S\u0131nav-dil seviyesi bilgileri Mesleki Deneyim Okul bilgileri \u0130\u015flem G\u00fcvenli\u011fi IP adresi bilgisi, \u00e7erez bilgileri Di\u011fer Eklemek \u0130stedikleriniz, Mesaj (Bu b\u00f6l\u00fcmde ayr\u0131ca talebinizin detaylar\u0131n\u0131 bizimle payla\u015fabilmeniz amac\u0131yla bir alan olu\u015fturduk Burada da bizimle payla\u015fabilece\u011finiz ki\u015fisel verileriniz, iletiniz do\u011frultusunda i\u015flenebilecektir.) \u0130nternet sitemizdeki di\u011fer ki\u015fisel veri i\u015fleme faaliyetleri i\u00e7in \u00c7erez Politikam\u0131z ve Gizlilik Politikam\u0131z, Ayd\u0131nlatma Metinlerimizde belirtilen usuller esas al\u0131nmaktad\u0131r. 3. Ki\u015fisel Verilerin \u0130\u015flenme Ama\u00e7lar\u0131 ve Hukuki Sebebi \u0130\u015fleme Amac\u0131 Hukuki Sebep \u2022 M\u00fc\u015fteri Memnuniyetine Y\u00f6nelik Aktivitelerin Y\u00fcr\u00fct\u00fclmesi \u2022 M\u00fc\u015fteri \u0130li\u015fkileri Y\u00f6netimi S\u00fcre\u00e7lerinin Y\u00fcr\u00fct\u00fclmesi \u2022 Mal \/ Hizmet Sat\u0131\u015f S\u00fcre\u00e7lerinin Y\u00fcr\u00fct\u00fclmesi \u2022 \u0130leti\u015fim Faaliyetlerinin Y\u00fcr\u00fct\u00fclmesi \u2022 S\u00f6zle\u015fme S\u00fcre\u00e7lerinin Y\u00fcr\u00fct\u00fclmesi \u2022 \u00c7al\u0131\u015fan Adaylar\u0131n\u0131n Ba\u015fvuru S\u00fcre\u00e7lerinin Y\u00fcr\u00fct\u00fclmesi KVKK m.5 (2) (c) : Bir s\u00f6zle\u015fmenin kurulmas\u0131 veya ifas\u0131yla do\u011frudan do\u011fruya ilgili olmas\u0131 kayd\u0131yla, s\u00f6zle\u015fmenin taraflar\u0131na ait ki\u015fisel verilerin i\u015flenmesinin gerekli olmas\u0131. \u2022 Saklama ve Ar\u015fiv Faaliyetlerinin Y\u00fcr\u00fct\u00fclmesi \u2022 Yetkili Ki\u015fi, Kurum ve Kurulu\u015flara Bilgi Verilmesi KVKK m.5 (2) (\u00e7) : Veri sorumlusunun hukuki y\u00fck\u00fcml\u00fcl\u00fc\u011f\u00fcn\u00fc yerine getirebilmesi i\u00e7in zorunlu olmas\u0131. \u2022 Hukuk \u0130\u015flerinin Takibi ve Y\u00fcr\u00fct\u00fclmesi \u2022 Talep \/ \u015eikayetlerin Takibi KVKK m.5 (2) (e) : Bir hakk\u0131n tesisi, kullan\u0131lmas\u0131 veya korunmas\u0131 i\u00e7in veri i\u015flemenin zorunlu olmas\u0131. 4. \u0130\u015flenen Ki\u015fisel Verilerin Kimlere ve Hangi Ama\u00e7la Aktar\u0131labilece\u011fi Ki\u015fisel verileriniz, a\u015fa\u011f\u0131da belirtilen ama\u00e7lar ile KVKK\u2019n\u0131n 8 (2) (a) maddeleri uyar\u0131nca ilgili ki\u015finin a\u00e7\u0131k r\u0131zas\u0131 aranmaks\u0131z\u0131n aktar\u0131lacakt\u0131r: \u2022 \u0130lgili mevzuat uyar\u0131nca yasal y\u00fck\u00fcml\u00fcl\u00fcklerin yerine getirebilmesi amac\u0131yla, gerekmesi veya talep gelmesi halinde, ilgili kamu kurum ve kurulu\u015flar\u0131 ile payla\u015f\u0131labilecektir. \u2022 Hukuki s\u00fcre\u00e7 olmas\u0131 halinde s\u00fcrecin takip edilebilmesi amac\u0131yla avukatlar\u0131m\u0131z ile s\u0131r saklama y\u00fck\u00fcml\u00fcl\u00fc\u011f\u00fc \u00e7er\u00e7evesinde gerekti\u011fi kadar payla\u015f\u0131labilecektir. 5. Ki\u015fisel Veri Toplaman\u0131n Y\u00f6ntemi ve Hukuki Sebebi Ki\u015fisel verileriniz, bu metnin \u00fc\u00e7\u00fcnc\u00fc f\u0131kras\u0131nda belirtilen ama\u00e7lar\u0131n yerine getirilebilmesi i\u00e7in KVKK\u2019n\u0131n 5 (2) maddesinde belirtilen hukuki sebeplere dayanarak, otomatik veya otomatik olmayan y\u00f6ntemlerle s\u00f6zl\u00fc, yaz\u0131l\u0131 veya elektronik ortamda elde edilmektedir: \u2022 \u0130nternet sitesi \u00fczerinden form doldurulmas\u0131, internet sitesinin ziyaret edilmesi 6. KVKK\u2019n\u0131n 11. Maddesi Kapsam\u0131ndaki Haklar\u0131n\u0131z KVKK\u2019n\u0131n 11. maddesi kapsam\u0131nda, veri sahibi olarak haklar\u0131n\u0131z bulunmakta olup bu haklar\u0131n\u0131z ile ilgili taleplerinizi tercihen web sitemizde yer alan \u0130lgili Ki\u015fi Ba\u015fvuru Formu\u2019nda belirtilen b\u00fct\u00fcn bilgileri doldurmak suretiyle KVKK\u2019n\u0131n 11. maddesi ile 13. maddesinin 1. f\u0131kras\u0131 ve Veri Sorumlusuna Ba\u015fvuru Usul ve Esaslar\u0131 Hakk\u0131nda Tebli\u011f gere\u011fince, \u2022 \u201c\u0130smet Kaptan Mah. 1371 Sokak No:5 \u0130\u00e7 Kap\u0131 No: Z2 Konak-\u0130zmir\u201d adresindeki \u015eirketimize bizzat gelerek, \u2022 ozelalmandilhizmetleri@hs01.kep.tr \u015feklindeki kay\u0131tl\u0131 elektronik posta (KEP) adresimiz \u00fczerinden, \u2022 kimli\u011finizi tespit edebilmek ve yanl\u0131\u015f ki\u015filere bilgi vermemek ad\u0131na yaz\u0131l\u0131 olarak noter arac\u0131l\u0131\u011f\u0131 ile veya iadeli taahh\u00fctl\u00fc mektup ile, \u2022 (varsa) taraf\u0131n\u0131zca daha \u00f6nce \u015eirketimize bildirilen ve sistemlerimizde kay\u0131tl\u0131 bulunan elektronik posta adresini kullanmak suretiyle kvkk@das-akademie.de adresine elektronik posta g\u00f6ndererek veya gelecekte Kurul\u2019un belirleyece\u011fi di\u011fer y\u00f6ntemlerle iletebilirsiniz. \u00d6ZEL ALMAN D\u0130L H\u0130Z. E\u011eT. TER. T\u0130C. A.\u015e. 6698 SAYILI K\u0130\u015e\u0130SEL VER\u0130LER\u0130N KORUNMASI KANUNU KAPSAMINDA DAS AKADEMIE \u00c7ALI\u015eAN ADAYI AYDINLATMA METN\u0130 Son G\u00fcncelleme: 27.01.2023 \u00d6ZEL ALMAN D\u0130L H\u0130Z. E\u011eT. TER. T\u0130C. A.\u015e. (Bundan sonra &#8220;\u015eirket&#8221; olarak an\u0131lacakt\u0131r) olarak; ki\u015fisel verilerinizin gizlili\u011fi ve g\u00fcvenli\u011fi en \u00f6nemli \u00f6nceliklerimiz aras\u0131ndad\u0131r. Bu kapsamda 6698 say\u0131l\u0131 Ki\u015fisel Verilerin Korunmas\u0131 Kanunu\u2019nun (Bundan sonra &#8220;KVKK&#8221; olarak an\u0131lacakt\u0131r) 10. maddesinden do\u011fan ayd\u0131nlatma y\u00fck\u00fcml\u00fcl\u00fc\u011f\u00fcm\u00fcz\u00fc yerine getirmek amac\u0131yla taraf\u0131m\u0131zca i\u015flenmekte olan ki\u015fisel verilerinizin kullan\u0131m\u0131 ve korunmas\u0131 hakk\u0131nda sizleri bilgilendirmek isteriz. 1. Veri Sorumlusunun Kimli\u011fi \u00c7al\u0131\u015fan Aday\u0131 Ayd\u0131nlatma Metni\u2019nde belirtilmi\u015f olan bilgiler ve i\u015fbu ki\u015fisel verilerin i\u015flenmesinde \u00d6ZEL ALMAN D\u0130L H\u0130Z. E\u011eT. TER. T\u0130C. A.\u015e. olarak 6698 say\u0131l\u0131 Ki\u015fisel Verilerin Korunmas\u0131 Kanunu ve ilgili sair mevzuat kapsam\u0131nda, veri sorumlusu s\u0131fat\u0131 ile i\u015fledi\u011fimizi taraf\u0131n\u0131za bildiriyoruz. Veri Sorumlusu: \u00d6ZEL ALMAN D\u0130L H\u0130Z. E\u011eT. TER. T\u0130C. A.\u015e. Veri Sorumlusunun Adresi: \u0130smet Kaptan Mah. 1371 Sokak No:5 \u0130\u00e7 Kap\u0131 No: Z2 Konak-\u0130zmir \u0130leti\u015fim Kanal\u0131 kvkk@das-akademie.de 2. \u0130\u015flenen Ki\u015fisel Veriler \u00c7al\u0131\u015fan Aday\u0131 Ayd\u0131nlatma Meni, https:\/\/www.das-akademie.com\/tr\/ adresinde yer alan \u201cKariyer\u201d b\u00f6l\u00fcm\u00fcndeki formu dolduran, sair kariyer siteleri, e-mail, referans arac\u0131l\u0131\u011f\u0131yla ba\u015fvuru yapan ilgili ki\u015filerin ki\u015fisel verilerini konu edinmektedir. KVKK ve ilgili sair mevzuata uygun olarak i\u015fbu \u00c7al\u0131\u015fan Aday\u0131 Ayd\u0131nlatma Metni\u2019nde belirtilen ama\u00e7lar ve hukuki sebepler kapsam\u0131nda i\u015flenecek ki\u015fisel veri kategori ve a\u00e7\u0131klamalar\u0131 a\u015fa\u011f\u0131daki gibidir: Ki\u015fisel Veri Kategorisi Ki\u015fisel Veri Kimlik Ad\u0131-soyad\u0131, cinsiyet, do\u011fum tarihi \u0130leti\u015fim Telefon numaras\u0131, e-posta adresi, adres Mesleki Deneyim E\u011fitim bilgileri, sertifikalar ve belgeler, dil seviyesi, bilgi-beceri ve hobiler, meslek, i\u015f deneyimi Di\u011fer Eklemek \u0130stedikleriniz ve Referans Bilgileri (Bu b\u00f6l\u00fcmde ayr\u0131ca ba\u015fvurunuzun detaylar\u0131n\u0131 bizimle payla\u015fabilmeniz amac\u0131yla bir alan olu\u015fturduk Burada da bizimle payla\u015fabilece\u011finiz ki\u015fisel veriler, iletiniz do\u011frultusunda i\u015flenebilecektir.) \u0130nternet sitemizdeki di\u011fer ki\u015fisel veri i\u015fleme faaliyetleri i\u00e7in \u00c7erez Politikam\u0131z ve Gizlilik Politikam\u0131z, Ayd\u0131nlatma Metinlerimizde belirtilen usuller esas al\u0131nmaktad\u0131r. 3. Ki\u015fisel Verilerin \u0130\u015flenme Ama\u00e7lar\u0131 ve Hukuki Sebebi \u0130\u015fleme Amac\u0131 Hukuki Sebep \u2022 \u00c7al\u0131\u015fan Adaylar\u0131n\u0131n Ba\u015fvuru S\u00fcre\u00e7lerinin Y\u00fcr\u00fct\u00fclmesi, \u2022 \u00c7al\u0131\u015fan Aday\u0131 \/ Stajyer aday\u0131 Se\u00e7me ve Yerle\u015ftirme S\u00fcre\u00e7lerinin Y\u00fcr\u00fct\u00fclmesi, \u2022 \u0130nsan Kaynaklar\u0131 S\u00fcre\u00e7lerinin Planlanmas\u0131, \u2022 \u0130leti\u015fim Faaliyetlerinin Y\u00fcr\u00fct\u00fclmesi \u2022 S\u00f6zle\u015fme S\u00fcre\u00e7lerinin Y\u00fcr\u00fct\u00fclmesi KVKK m.5 (2) (c) : Bir s\u00f6zle\u015fmenin kurulmas\u0131 veya ifas\u0131yla do\u011frudan do\u011fruya ilgili olmas\u0131 kayd\u0131yla, s\u00f6zle\u015fmenin taraflar\u0131na ait ki\u015fisel verilerin i\u015flenmesinin gerekli olmas\u0131. 4. Ki\u015fisel Verilerin Toplama Y\u00f6ntemi Ki\u015fisel verileriniz, bu metnin 3. f\u0131kras\u0131nda belirtilen ama\u00e7lar\u0131n yerine getirilebilmesi i\u00e7in<\/p>\n","protected":false},"author":6,"featured_media":0,"parent":0,"menu_order":0,"comment_status":"closed","ping_status":"closed","template":"","meta":{"ocean_post_layout":"","ocean_both_sidebars_style":"","ocean_both_sidebars_content_width":0,"ocean_both_sidebars_sidebars_width":0,"ocean_sidebar":"0","ocean_second_sidebar":"0","ocean_disable_margins":"enable","ocean_add_body_class":"","ocean_shortcode_before_top_bar":"","ocean_shortcode_after_top_bar":"","ocean_shortcode_before_header":"","ocean_shortcode_after_header":"","ocean_has_shortcode":"","ocean_shortcode_after_title":"","ocean_shortcode_before_footer_widgets":"","ocean_shortcode_after_footer_widgets":"","ocean_shortcode_before_footer_bottom":"","ocean_shortcode_after_footer_bottom":"","ocean_display_top_bar":"default","ocean_display_header":"default","ocean_header_style":"","ocean_center_header_left_menu":"0","ocean_custom_header_template":"0","ocean_custom_logo":0,"ocean_custom_retina_logo":0,"ocean_custom_logo_max_width":0,"ocean_custom_logo_tablet_max_width":0,"ocean_custom_logo_mobile_max_width":0,"ocean_custom_logo_max_height":0,"ocean_custom_logo_tablet_max_height":0,"ocean_custom_logo_mobile_max_height":0,"ocean_header_custom_menu":"0","ocean_menu_typo_font_family":"0","ocean_menu_typo_font_subset":"","ocean_menu_typo_font_size":0,"ocean_menu_typo_font_size_tablet":0,"ocean_menu_typo_font_size_mobile":0,"ocean_menu_typo_font_size_unit":"px","ocean_menu_typo_font_weight":"","ocean_menu_typo_font_weight_tablet":"","ocean_menu_typo_font_weight_mobile":"","ocean_menu_typo_transform":"","ocean_menu_typo_transform_tablet":"","ocean_menu_typo_transform_mobile":"","ocean_menu_typo_line_height":0,"ocean_menu_typo_line_height_tablet":0,"ocean_menu_typo_line_height_mobile":0,"ocean_menu_typo_line_height_unit":"","ocean_menu_typo_spacing":0,"ocean_menu_typo_spacing_tablet":0,"ocean_menu_typo_spacing_mobile":0,"ocean_menu_typo_spacing_unit":"","ocean_menu_link_color":"","ocean_menu_link_color_hover":"","ocean_menu_link_color_active":"","ocean_menu_link_background":"","ocean_menu_link_hover_background":"","ocean_menu_link_active_background":"","ocean_menu_social_links_bg":"","ocean_menu_social_hover_links_bg":"","ocean_menu_social_links_color":"","ocean_menu_social_hover_links_color":"","ocean_disable_title":"on","ocean_disable_heading":"default","ocean_post_title":"","ocean_post_subheading":"","ocean_post_title_style":"","ocean_post_title_background_color":"","ocean_post_title_background":0,"ocean_post_title_bg_image_position":"","ocean_post_title_bg_image_attachment":"","ocean_post_title_bg_image_repeat":"","ocean_post_title_bg_image_size":"","ocean_post_title_height":0,"ocean_post_title_bg_overlay":0.5,"ocean_post_title_bg_overlay_color":"","ocean_disable_breadcrumbs":"off","ocean_breadcrumbs_color":"","ocean_breadcrumbs_separator_color":"","ocean_breadcrumbs_links_color":"","ocean_breadcrumbs_links_hover_color":"","ocean_display_footer_widgets":"off","ocean_display_footer_bottom":"off","ocean_custom_footer_template":"0","footnotes":""},"class_list":["post-26040","page","type-page","status-publish","hentry","entry"],"_links":{"self":[{"href":"https:\/\/tr.dasakademie.com\/tr\/wp-json\/wp\/v2\/pages\/26040","targetHints":{"allow":["GET"]}}],"collection":[{"href":"https:\/\/tr.dasakademie.com\/tr\/wp-json\/wp\/v2\/pages"}],"about":[{"href":"https:\/\/tr.dasakademie.com\/tr\/wp-json\/wp\/v2\/types\/page"}],"author":[{"embeddable":true,"href":"https:\/\/tr.dasakademie.com\/tr\/wp-json\/wp\/v2\/users\/6"}],"replies":[{"embeddable":true,"href":"https:\/\/tr.dasakademie.com\/tr\/wp-json\/wp\/v2\/comments?post=26040"}],"version-history":[{"count":7,"href":"https:\/\/tr.dasakademie.com\/tr\/wp-json\/wp\/v2\/pages\/26040\/revisions"}],"predecessor-version":[{"id":31532,"href":"https:\/\/tr.dasakademie.com\/tr\/wp-json\/wp\/v2\/pages\/26040\/revisions\/31532"}],"wp:attachment":[{"href":"https:\/\/tr.dasakademie.com\/tr\/wp-json\/wp\/v2\/media?parent=26040"}],"curies":[{"name":"wp","href":"https:\/\/api.w.org\/{rel}","templated":true}]}}